{"id":4201,"date":"2025-12-06T10:31:23","date_gmt":"2025-12-06T09:31:23","guid":{"rendered":"https:\/\/drzewka-kusek.pl\/?page_id=4201"},"modified":"2025-12-06T10:31:23","modified_gmt":"2025-12-06T09:31:23","slug":"praktische-antworten-direkt-aus-der-obstbaumschule","status":"publish","type":"page","link":"https:\/\/drzewka-kusek.pl\/de\/praktische-antworten-direkt-aus-der-obstbaumschule\/","title":{"rendered":"Praktische Antworten direkt aus der Obstbaumschule"},"content":{"rendered":"\n<div class=\"wp-block-group pad-le-ri is-content-justification-right is-nowrap is-layout-flex wp-container-core-group-is-layout-17124a9a wp-block-group-is-layout-flex\"><div class=\"yoast-breadcrumbs\"><span><span><a href=\"https:\/\/drzewka-kusek.pl\/de\/\">Strona g\u0142\u00f3wna<\/a><\/span> \u00bb <span class=\"breadcrumb_last\" aria-current=\"page\"><strong>Praktische Antworten direkt aus der Obstbaumschule<\/strong><\/span><\/span><\/div><\/div>\n\n\n\n<div class=\"wp-block-group has-global-padding is-layout-constrained wp-block-group-is-layout-constrained\" style=\"margin-top:0;margin-bottom:0;padding-top:0\">\n<div class=\"wp-block-cover alignfull is-light czy-wiesz-hero\" style=\"border-style:none;border-width:0px;border-radius:0px;min-height:320px;aspect-ratio:unset;\"><span aria-hidden=\"true\" class=\"wp-block-cover__background has-background-dim-0 has-background-dim\"><\/span><div class=\"wp-block-cover__inner-container is-layout-flow wp-block-cover-is-layout-flow\">\n<div class=\"wp-block-group has-global-padding is-layout-constrained wp-container-core-group-is-layout-0f74abfc wp-block-group-is-layout-constrained\">\n<p class=\"has-text-align-center czy-wiesz-eyebrow has-neutral-color has-text-color has-link-color wp-elements-9a44f0425c144c1ba0b75422319c0b69\"><strong>Praktische Antworten direkt aus der Obstbaumschule<\/strong><\/p>\n\n\n\n<h1 class=\"wp-block-heading has-text-align-center has-neutral-color has-text-color has-link-color wp-elements-424a6b689895744e6617311f6fe36f9c\" id=\"h-sie-haben-fragen-zu-obstbaumen-hier-finden-sie-die-antworten\">Sie haben Fragen zu Obstb\u00e4umen? Hier finden Sie die Antworten.<\/h1>\n\n\n\n<p class=\"has-text-align-center has-contrast-color has-text-color has-link-color has-medium-font-size wp-elements-69f3d5ff82573a495a4f837e5fbabba4\">Unsere Erfahrungen aus der t\u00e4glichen Arbeit mit Obstb\u00e4umen haben es uns erm\u00f6glicht, eine Sammlung von Antworten auf die Fragen zusammenzustellen, die G\u00e4rtner am h\u00e4ufigsten stellen. In der Baumschule beobachten wir, wie die Pflanzen auf Wetter, Pflege und unterschiedliche Bedingungen reagieren \u2013 so k\u00f6nnen wir Wissen weitergeben, das in der Praxis wirklich funktioniert.<\/p>\n<\/div>\n<\/div><\/div>\n<\/div>\n\n\n\n<div class=\"wp-block-group max-width-1 has-global-padding is-layout-constrained wp-block-group-is-layout-constrained\" style=\"margin-top:0;margin-bottom:0;padding-top:0;padding-bottom:41px\">\n<p class=\"has-text-align-center\">Im Folgenden finden Sie Antworten, die auf langj\u00e4hriger Beobachtung und Arbeit mit Obstb\u00e4umen beruhen. Dieses Kompendium erleichtert Ihnen das Pflanzen, Schneiden und die Pflege Ihres eigenen Obstgartens.<\/p>\n\n\n\n<h2 class=\"wp-block-heading has-x-large-font-size\" id=\"h-allgemeines\">Allgemeines<\/h2>\n\n\n\n<div class=\"schema-faq wp-block-yoast-faq-block\"><div class=\"schema-faq-section\" id=\"faq-question-1749968287981\"><strong class=\"schema-faq-question\">Welche Obstb\u00e4ume pflanzt man am besten im Garten?<\/strong> <p class=\"schema-faq-answer\"><strong>Das h\u00e4ngt von den Bodenverh\u00e4ltnissen, der Sonneneinstrahlung und dem Klima in Ihrem Garten ab.<\/strong><br\/>Unter unseren Bedingungen sind <strong>\u00c4pfel, Birnen, Pflaumen, Sauerkirschen, S\u00fc\u00dfkirschen und Pfirsiche<\/strong> am beliebtesten. In k\u00e4lteren Regionen bew\u00e4hren sich frostharte Sorten, w\u00e4hrend man sich an sehr sonnigen Standorten auch an Aprikosen oder Nektarinen wagen kann.<\/p> <\/div> <div class=\"schema-faq-section\" id=\"faq-question-1749968394335\"><strong class=\"schema-faq-question\">Wann pflanzt man Obstb\u00e4ume am besten?<\/strong> <p class=\"schema-faq-answer\"><strong>Die beste Zeit, Obstb\u00e4ume zu pflanzen, ist das zeitige Fr\u00fchjahr (M\u00e4rz\u2013April) oder der Herbst (Oktober\u2013November)<\/strong>.<br\/>So haben die Pflanzen die M\u00f6glichkeit, noch vor der Vegetations- bzw. Winterperiode ein kr\u00e4ftiges Wurzelsystem auszubilden.<\/p> <\/div> <div class=\"schema-faq-section\" id=\"faq-question-1749968591871\"><strong class=\"schema-faq-question\">Wie pflanzt man Obstb\u00e4ume Schritt f\u00fcr Schritt?<\/strong> <p class=\"schema-faq-answer\">1\ufe0f\u20e3. Graben Sie ein Pflanzloch, das etwa doppelt so breit ist wie der Wurzelballen.<br\/>2\ufe0f\u20e3. Geben Sie Humus oder Kompost in das Pflanzloch.<br\/>3\ufe0f\u20e3. Setzen Sie den Baum so, dass der <strong>Wurzelhals auf Bodenniveau liegt<\/strong>.<br\/>4\ufe0f\u20e3. F\u00fcllen Sie das Loch mit Erde, gut andr\u00fccken und gr\u00fcndlich angie\u00dfen.<br\/>5\ufe0f\u20e3. Formen Sie anschlie\u00dfend eine kleine Gie\u00dfmulde, die das Wasser am Stamm zur\u00fcckh\u00e4lt.<\/p> <\/div> <div class=\"schema-faq-section\" id=\"faq-question-1749968606348\"><strong class=\"schema-faq-question\">Wie pflegt man Obstb\u00e4ume nach dem Pflanzen?<\/strong> <p class=\"schema-faq-answer\"><strong>Gie\u00dfen Sie regelm\u00e4\u00dfig<\/strong>, besonders im ersten Jahr nach der Pflanzung.<br\/><strong>Entfernen Sie Unkraut<\/strong>, das um Wasser und N\u00e4hrstoffe konkurriert.<br\/><strong>D\u00fcngen Sie im Fr\u00fchjahr und Herbst<\/strong>, mit organischen oder mineralischen D\u00fcngern.<br\/><strong>Schneiden Sie den Baum<\/strong>, um eine gute Kronenform zu f\u00f6rdern und kranke oder schwache Triebe zu entfernen.<\/p> <\/div> <div class=\"schema-faq-section\" id=\"faq-question-1749968624603\"><strong class=\"schema-faq-question\">Warum tragen Obstb\u00e4ume keine Fr\u00fcchte?<\/strong> <p class=\"schema-faq-answer\">Das kann viele Gr\u00fcnde haben, unter anderem:<br\/>Der Baum ist noch zu jung<br\/>Ungeeigneter Standort (zu wenig Sonne, schlechter Boden)<br\/>Falscher bzw. fehlender Schnitt<br\/>Fehlender Best\u00e4uber (viele Arten brauchen einen zweiten Baum in der N\u00e4he)<br\/>Sp\u00e4tfr\u00f6ste im Fr\u00fchjahr, die die Bl\u00fctenknospen gesch\u00e4digt haben<\/p> <\/div> <div class=\"schema-faq-section\" id=\"faq-question-1749968644658\"><strong class=\"schema-faq-question\">Wie sch\u00fctzt man Obstb\u00e4ume vor Sch\u00e4dlingen und Krankheiten?<\/strong> <p class=\"schema-faq-answer\">\u2705 <strong>Kontrollieren Sie Ihre B\u00e4ume regelm\u00e4\u00dfig<\/strong> auf Sch\u00e4dlinge (z. B. Blattl\u00e4use, Spinnmilben) und Krankheiten (z. B. Schorf, Mehltau).<br\/>\u2705 <strong>Entfernen Sie kranke Triebe<\/strong>, abgefallene Bl\u00e4tter und Fr\u00fcchte, um die Ausbreitung von Erregern zu verhindern.<br\/>\u2705 <strong>Setzen Sie Pflanzenschutzmittel ein<\/strong> \u2013 im Fr\u00fchjahr (vor dem Austrieb) und im Sommer \u2013 je nach Sch\u00e4dling oder Krankheit.<br\/>\u2705 Hilfreich sind au\u00dferdem <strong>Pheromonfallen<\/strong> und <strong>biologische Pr\u00e4parate<\/strong>, die die Population von Sch\u00e4dlingen wirksam begrenzen.<\/p> <\/div> <\/div>\n<\/div>\n","protected":false},"excerpt":{"rendered":"<p>Im Folgenden finden Sie Antworten, die auf langj\u00e4hriger Beobachtung und Arbeit mit Obstb\u00e4umen beruhen. Dieses Kompendium erleichtert Ihnen das Pflanzen, Schneiden und die Pflege Ihres eigenen Obstgartens. Allgemeines<\/p>\n","protected":false},"author":1,"featured_media":0,"parent":0,"menu_order":0,"comment_status":"closed","ping_status":"closed","template":"","meta":{"two_page_speed":[],"footnotes":""},"class_list":["post-4201","page","type-page","status-publish","hentry"],"yoast_head":"<!-- This site is optimized with the Yoast SEO Premium plugin v22.8 (Yoast SEO v26.9) - https:\/\/yoast.com\/product\/yoast-seo-premium-wordpress\/ -->\n<title>Praktische Antworten direkt aus der Obstbaumschule - drzewka-kusek<\/title>\n<meta name=\"robots\" content=\"index, follow, max-snippet:-1, max-image-preview:large, max-video-preview:-1\" \/>\n<link rel=\"canonical\" href=\"https:\/\/drzewka-kusek.pl\/de\/praktische-antworten-direkt-aus-der-obstbaumschule\/\" \/>\n<meta property=\"og:locale\" content=\"de_DE\" \/>\n<meta property=\"og:type\" content=\"article\" \/>\n<meta property=\"og:title\" content=\"Praktische Antworten direkt aus der Obstbaumschule\" \/>\n<meta property=\"og:description\" content=\"Im Folgenden finden Sie Antworten, die auf langj\u00e4hriger Beobachtung und Arbeit mit Obstb\u00e4umen beruhen. Dieses Kompendium erleichtert Ihnen das Pflanzen, Schneiden und die Pflege Ihres eigenen Obstgartens. Allgemeines\" \/>\n<meta property=\"og:url\" content=\"https:\/\/drzewka-kusek.pl\/de\/praktische-antworten-direkt-aus-der-obstbaumschule\/\" \/>\n<meta property=\"og:site_name\" content=\"drzewka-kusek\" \/>\n<meta property=\"article:publisher\" content=\"https:\/\/www.facebook.com\/szkolkakusek\/\" \/>\n<meta name=\"twitter:card\" content=\"summary_large_image\" \/>\n<script type=\"application\/ld+json\" class=\"yoast-schema-graph\">{\"@context\":\"https:\/\/schema.org\",\"@graph\":[{\"@type\":[\"WebPage\",\"FAQPage\"],\"@id\":\"https:\/\/drzewka-kusek.pl\/de\/praktische-antworten-direkt-aus-der-obstbaumschule\/\",\"url\":\"https:\/\/drzewka-kusek.pl\/de\/praktische-antworten-direkt-aus-der-obstbaumschule\/\",\"name\":\"Praktische Antworten direkt aus der Obstbaumschule - drzewka-kusek\",\"isPartOf\":{\"@id\":\"https:\/\/drzewka-kusek.pl\/de\/#website\"},\"datePublished\":\"2025-12-06T09:31:23+00:00\",\"breadcrumb\":{\"@id\":\"https:\/\/drzewka-kusek.pl\/de\/praktische-antworten-direkt-aus-der-obstbaumschule\/#breadcrumb\"},\"mainEntity\":[{\"@id\":\"https:\/\/drzewka-kusek.pl\/de\/praktische-antworten-direkt-aus-der-obstbaumschule\/#faq-question-1749968287981\"},{\"@id\":\"https:\/\/drzewka-kusek.pl\/de\/praktische-antworten-direkt-aus-der-obstbaumschule\/#faq-question-1749968394335\"},{\"@id\":\"https:\/\/drzewka-kusek.pl\/de\/praktische-antworten-direkt-aus-der-obstbaumschule\/#faq-question-1749968591871\"},{\"@id\":\"https:\/\/drzewka-kusek.pl\/de\/praktische-antworten-direkt-aus-der-obstbaumschule\/#faq-question-1749968606348\"},{\"@id\":\"https:\/\/drzewka-kusek.pl\/de\/praktische-antworten-direkt-aus-der-obstbaumschule\/#faq-question-1749968624603\"},{\"@id\":\"https:\/\/drzewka-kusek.pl\/de\/praktische-antworten-direkt-aus-der-obstbaumschule\/#faq-question-1749968644658\"}],\"inLanguage\":\"de\",\"potentialAction\":[{\"@type\":\"ReadAction\",\"target\":[\"https:\/\/drzewka-kusek.pl\/de\/praktische-antworten-direkt-aus-der-obstbaumschule\/\"]}]},{\"@type\":\"BreadcrumbList\",\"@id\":\"https:\/\/drzewka-kusek.pl\/de\/praktische-antworten-direkt-aus-der-obstbaumschule\/#breadcrumb\",\"itemListElement\":[{\"@type\":\"ListItem\",\"position\":1,\"name\":\"Strona g\u0142\u00f3wna\",\"item\":\"https:\/\/drzewka-kusek.pl\/de\/\"},{\"@type\":\"ListItem\",\"position\":2,\"name\":\"Praktische Antworten direkt aus der Obstbaumschule\"}]},{\"@type\":\"WebSite\",\"@id\":\"https:\/\/drzewka-kusek.pl\/de\/#website\",\"url\":\"https:\/\/drzewka-kusek.pl\/de\/\",\"name\":\"Szk\u00f3\u0142ka drzew owocowych\",\"description\":\"drzewka kusek\",\"publisher\":{\"@id\":\"https:\/\/drzewka-kusek.pl\/de\/#organization\"},\"potentialAction\":[{\"@type\":\"SearchAction\",\"target\":{\"@type\":\"EntryPoint\",\"urlTemplate\":\"https:\/\/drzewka-kusek.pl\/de\/?s={search_term_string}\"},\"query-input\":{\"@type\":\"PropertyValueSpecification\",\"valueRequired\":true,\"valueName\":\"search_term_string\"}}],\"inLanguage\":\"de\"},{\"@type\":[\"Organization\",\"Place\",\"GardenStore\"],\"@id\":\"https:\/\/drzewka-kusek.pl\/de\/#organization\",\"name\":\"Gospodarstwo Rolne Pawe\u0142 Kusek\",\"url\":\"https:\/\/drzewka-kusek.pl\/de\/\",\"logo\":{\"@id\":\"https:\/\/drzewka-kusek.pl\/de\/praktische-antworten-direkt-aus-der-obstbaumschule\/#local-main-organization-logo\"},\"image\":{\"@id\":\"https:\/\/drzewka-kusek.pl\/de\/praktische-antworten-direkt-aus-der-obstbaumschule\/#local-main-organization-logo\"},\"sameAs\":[\"https:\/\/www.facebook.com\/szkolkakusek\/\"],\"address\":{\"@id\":\"https:\/\/drzewka-kusek.pl\/de\/praktische-antworten-direkt-aus-der-obstbaumschule\/#local-main-place-address\"},\"telephone\":[\"+48 791 027 207\"],\"contactPoint\":{\"@type\":\"ContactPoint\",\"telephone\":\"+48 791 027 207\",\"email\":\"drzewkakusek@gmail.com\"},\"openingHoursSpecification\":[{\"@type\":\"OpeningHoursSpecification\",\"dayOfWeek\":[\"Monday\",\"Tuesday\",\"Wednesday\",\"Thursday\",\"Friday\",\"Saturday\"],\"opens\":\"07:00\",\"closes\":\"18:00\"},{\"@type\":\"OpeningHoursSpecification\",\"dayOfWeek\":[\"Sunday\"],\"opens\":\"10:00\",\"closes\":\"12:00\"}],\"email\":\"drzewkakusek@gmail.com\"},{\"@type\":\"Question\",\"@id\":\"https:\/\/drzewka-kusek.pl\/de\/praktische-antworten-direkt-aus-der-obstbaumschule\/#faq-question-1749968287981\",\"position\":1,\"url\":\"https:\/\/drzewka-kusek.pl\/de\/praktische-antworten-direkt-aus-der-obstbaumschule\/#faq-question-1749968287981\",\"name\":\"Welche Obstb\u00e4ume pflanzt man am besten im Garten?\",\"answerCount\":1,\"acceptedAnswer\":{\"@type\":\"Answer\",\"text\":\"<strong>Das h\u00e4ngt von den Bodenverh\u00e4ltnissen, der Sonneneinstrahlung und dem Klima in Ihrem Garten ab.<\/strong><br\/>Unter unseren Bedingungen sind <strong>\u00c4pfel, Birnen, Pflaumen, Sauerkirschen, S\u00fc\u00dfkirschen und Pfirsiche<\/strong> am beliebtesten. In k\u00e4lteren Regionen bew\u00e4hren sich frostharte Sorten, w\u00e4hrend man sich an sehr sonnigen Standorten auch an Aprikosen oder Nektarinen wagen kann.\",\"inLanguage\":\"de\"},\"inLanguage\":\"de\"},{\"@type\":\"Question\",\"@id\":\"https:\/\/drzewka-kusek.pl\/de\/praktische-antworten-direkt-aus-der-obstbaumschule\/#faq-question-1749968394335\",\"position\":2,\"url\":\"https:\/\/drzewka-kusek.pl\/de\/praktische-antworten-direkt-aus-der-obstbaumschule\/#faq-question-1749968394335\",\"name\":\"Wann pflanzt man Obstb\u00e4ume am besten?\",\"answerCount\":1,\"acceptedAnswer\":{\"@type\":\"Answer\",\"text\":\"<strong>Die beste Zeit, Obstb\u00e4ume zu pflanzen, ist das zeitige Fr\u00fchjahr (M\u00e4rz\u2013April) oder der Herbst (Oktober\u2013November)<\/strong>.<br\/>So haben die Pflanzen die M\u00f6glichkeit, noch vor der Vegetations- bzw. Winterperiode ein kr\u00e4ftiges Wurzelsystem auszubilden.\",\"inLanguage\":\"de\"},\"inLanguage\":\"de\"},{\"@type\":\"Question\",\"@id\":\"https:\/\/drzewka-kusek.pl\/de\/praktische-antworten-direkt-aus-der-obstbaumschule\/#faq-question-1749968591871\",\"position\":3,\"url\":\"https:\/\/drzewka-kusek.pl\/de\/praktische-antworten-direkt-aus-der-obstbaumschule\/#faq-question-1749968591871\",\"name\":\"Wie pflanzt man Obstb\u00e4ume Schritt f\u00fcr Schritt?\",\"answerCount\":1,\"acceptedAnswer\":{\"@type\":\"Answer\",\"text\":\"1\ufe0f\u20e3. Graben Sie ein Pflanzloch, das etwa doppelt so breit ist wie der Wurzelballen.<br\/>2\ufe0f\u20e3. Geben Sie Humus oder Kompost in das Pflanzloch.<br\/>3\ufe0f\u20e3. Setzen Sie den Baum so, dass der <strong>Wurzelhals auf Bodenniveau liegt<\/strong>.<br\/>4\ufe0f\u20e3. F\u00fcllen Sie das Loch mit Erde, gut andr\u00fccken und gr\u00fcndlich angie\u00dfen.<br\/>5\ufe0f\u20e3. Formen Sie anschlie\u00dfend eine kleine Gie\u00dfmulde, die das Wasser am Stamm zur\u00fcckh\u00e4lt.\",\"inLanguage\":\"de\"},\"inLanguage\":\"de\"},{\"@type\":\"Question\",\"@id\":\"https:\/\/drzewka-kusek.pl\/de\/praktische-antworten-direkt-aus-der-obstbaumschule\/#faq-question-1749968606348\",\"position\":4,\"url\":\"https:\/\/drzewka-kusek.pl\/de\/praktische-antworten-direkt-aus-der-obstbaumschule\/#faq-question-1749968606348\",\"name\":\"Wie pflegt man Obstb\u00e4ume nach dem Pflanzen?\",\"answerCount\":1,\"acceptedAnswer\":{\"@type\":\"Answer\",\"text\":\"<strong>Gie\u00dfen Sie regelm\u00e4\u00dfig<\/strong>, besonders im ersten Jahr nach der Pflanzung.<br\/><strong>Entfernen Sie Unkraut<\/strong>, das um Wasser und N\u00e4hrstoffe konkurriert.<br\/><strong>D\u00fcngen Sie im Fr\u00fchjahr und Herbst<\/strong>, mit organischen oder mineralischen D\u00fcngern.<br\/><strong>Schneiden Sie den Baum<\/strong>, um eine gute Kronenform zu f\u00f6rdern und kranke oder schwache Triebe zu entfernen.\",\"inLanguage\":\"de\"},\"inLanguage\":\"de\"},{\"@type\":\"Question\",\"@id\":\"https:\/\/drzewka-kusek.pl\/de\/praktische-antworten-direkt-aus-der-obstbaumschule\/#faq-question-1749968624603\",\"position\":5,\"url\":\"https:\/\/drzewka-kusek.pl\/de\/praktische-antworten-direkt-aus-der-obstbaumschule\/#faq-question-1749968624603\",\"name\":\"Warum tragen Obstb\u00e4ume keine Fr\u00fcchte?\",\"answerCount\":1,\"acceptedAnswer\":{\"@type\":\"Answer\",\"text\":\"Das kann viele Gr\u00fcnde haben, unter anderem:<br\/>Der Baum ist noch zu jung<br\/>Ungeeigneter Standort (zu wenig Sonne, schlechter Boden)<br\/>Falscher bzw. fehlender Schnitt<br\/>Fehlender Best\u00e4uber (viele Arten brauchen einen zweiten Baum in der N\u00e4he)<br\/>Sp\u00e4tfr\u00f6ste im Fr\u00fchjahr, die die Bl\u00fctenknospen gesch\u00e4digt haben\",\"inLanguage\":\"de\"},\"inLanguage\":\"de\"},{\"@type\":\"Question\",\"@id\":\"https:\/\/drzewka-kusek.pl\/de\/praktische-antworten-direkt-aus-der-obstbaumschule\/#faq-question-1749968644658\",\"position\":6,\"url\":\"https:\/\/drzewka-kusek.pl\/de\/praktische-antworten-direkt-aus-der-obstbaumschule\/#faq-question-1749968644658\",\"name\":\"Wie sch\u00fctzt man Obstb\u00e4ume vor Sch\u00e4dlingen und Krankheiten?\",\"answerCount\":1,\"acceptedAnswer\":{\"@type\":\"Answer\",\"text\":\"\u2705 <strong>Kontrollieren Sie Ihre B\u00e4ume regelm\u00e4\u00dfig<\/strong> auf Sch\u00e4dlinge (z. B. Blattl\u00e4use, Spinnmilben) und Krankheiten (z. B. Schorf, Mehltau).<br\/>\u2705 <strong>Entfernen Sie kranke Triebe<\/strong>, abgefallene Bl\u00e4tter und Fr\u00fcchte, um die Ausbreitung von Erregern zu verhindern.<br\/>\u2705 <strong>Setzen Sie Pflanzenschutzmittel ein<\/strong> \u2013 im Fr\u00fchjahr (vor dem Austrieb) und im Sommer \u2013 je nach Sch\u00e4dling oder Krankheit.<br\/>\u2705 Hilfreich sind au\u00dferdem <strong>Pheromonfallen<\/strong> und <strong>biologische Pr\u00e4parate<\/strong>, die die Population von Sch\u00e4dlingen wirksam begrenzen.\",\"inLanguage\":\"de\"},\"inLanguage\":\"de\"},{\"@type\":\"PostalAddress\",\"@id\":\"https:\/\/drzewka-kusek.pl\/de\/praktische-antworten-direkt-aus-der-obstbaumschule\/#local-main-place-address\",\"streetAddress\":\"D\u0105bie 140\",\"addressLocality\":\"Zdziarzec\",\"postalCode\":\"39-311\",\"addressRegion\":\"podkarpackie\",\"addressCountry\":\"PL\"},{\"@type\":\"ImageObject\",\"inLanguage\":\"de\",\"@id\":\"https:\/\/drzewka-kusek.pl\/de\/praktische-antworten-direkt-aus-der-obstbaumschule\/#local-main-organization-logo\",\"url\":\"https:\/\/drzewka-kusek.pl\/wp-content\/uploads\/drzewka-kusek-logo2.png\",\"contentUrl\":\"https:\/\/drzewka-kusek.pl\/wp-content\/uploads\/drzewka-kusek-logo2.png\",\"width\":135,\"height\":105,\"caption\":\"Gospodarstwo Rolne Pawe\u0142 Kusek\"}]}<\/script>\n<meta name=\"geo.placename\" content=\"Zdziarzec\" \/>\n<meta name=\"geo.region\" content=\"Polen\" \/>\n<!-- \/ Yoast SEO Premium plugin. -->","yoast_head_json":{"title":"Praktische Antworten direkt aus der Obstbaumschule - drzewka-kusek","robots":{"index":"index","follow":"follow","max-snippet":"max-snippet:-1","max-image-preview":"max-image-preview:large","max-video-preview":"max-video-preview:-1"},"canonical":"https:\/\/drzewka-kusek.pl\/de\/praktische-antworten-direkt-aus-der-obstbaumschule\/","og_locale":"de_DE","og_type":"article","og_title":"Praktische Antworten direkt aus der Obstbaumschule","og_description":"Im Folgenden finden Sie Antworten, die auf langj\u00e4hriger Beobachtung und Arbeit mit Obstb\u00e4umen beruhen. Dieses Kompendium erleichtert Ihnen das Pflanzen, Schneiden und die Pflege Ihres eigenen Obstgartens. Allgemeines","og_url":"https:\/\/drzewka-kusek.pl\/de\/praktische-antworten-direkt-aus-der-obstbaumschule\/","og_site_name":"drzewka-kusek","article_publisher":"https:\/\/www.facebook.com\/szkolkakusek\/","twitter_card":"summary_large_image","schema":{"@context":"https:\/\/schema.org","@graph":[{"@type":["WebPage","FAQPage"],"@id":"https:\/\/drzewka-kusek.pl\/de\/praktische-antworten-direkt-aus-der-obstbaumschule\/","url":"https:\/\/drzewka-kusek.pl\/de\/praktische-antworten-direkt-aus-der-obstbaumschule\/","name":"Praktische Antworten direkt aus der Obstbaumschule - drzewka-kusek","isPartOf":{"@id":"https:\/\/drzewka-kusek.pl\/de\/#website"},"datePublished":"2025-12-06T09:31:23+00:00","breadcrumb":{"@id":"https:\/\/drzewka-kusek.pl\/de\/praktische-antworten-direkt-aus-der-obstbaumschule\/#breadcrumb"},"mainEntity":[{"@id":"https:\/\/drzewka-kusek.pl\/de\/praktische-antworten-direkt-aus-der-obstbaumschule\/#faq-question-1749968287981"},{"@id":"https:\/\/drzewka-kusek.pl\/de\/praktische-antworten-direkt-aus-der-obstbaumschule\/#faq-question-1749968394335"},{"@id":"https:\/\/drzewka-kusek.pl\/de\/praktische-antworten-direkt-aus-der-obstbaumschule\/#faq-question-1749968591871"},{"@id":"https:\/\/drzewka-kusek.pl\/de\/praktische-antworten-direkt-aus-der-obstbaumschule\/#faq-question-1749968606348"},{"@id":"https:\/\/drzewka-kusek.pl\/de\/praktische-antworten-direkt-aus-der-obstbaumschule\/#faq-question-1749968624603"},{"@id":"https:\/\/drzewka-kusek.pl\/de\/praktische-antworten-direkt-aus-der-obstbaumschule\/#faq-question-1749968644658"}],"inLanguage":"de","potentialAction":[{"@type":"ReadAction","target":["https:\/\/drzewka-kusek.pl\/de\/praktische-antworten-direkt-aus-der-obstbaumschule\/"]}]},{"@type":"BreadcrumbList","@id":"https:\/\/drzewka-kusek.pl\/de\/praktische-antworten-direkt-aus-der-obstbaumschule\/#breadcrumb","itemListElement":[{"@type":"ListItem","position":1,"name":"Strona g\u0142\u00f3wna","item":"https:\/\/drzewka-kusek.pl\/de\/"},{"@type":"ListItem","position":2,"name":"Praktische Antworten direkt aus der Obstbaumschule"}]},{"@type":"WebSite","@id":"https:\/\/drzewka-kusek.pl\/de\/#website","url":"https:\/\/drzewka-kusek.pl\/de\/","name":"Szk\u00f3\u0142ka drzew owocowych","description":"drzewka kusek","publisher":{"@id":"https:\/\/drzewka-kusek.pl\/de\/#organization"},"potentialAction":[{"@type":"SearchAction","target":{"@type":"EntryPoint","urlTemplate":"https:\/\/drzewka-kusek.pl\/de\/?s={search_term_string}"},"query-input":{"@type":"PropertyValueSpecification","valueRequired":true,"valueName":"search_term_string"}}],"inLanguage":"de"},{"@type":["Organization","Place","GardenStore"],"@id":"https:\/\/drzewka-kusek.pl\/de\/#organization","name":"Gospodarstwo Rolne Pawe\u0142 Kusek","url":"https:\/\/drzewka-kusek.pl\/de\/","logo":{"@id":"https:\/\/drzewka-kusek.pl\/de\/praktische-antworten-direkt-aus-der-obstbaumschule\/#local-main-organization-logo"},"image":{"@id":"https:\/\/drzewka-kusek.pl\/de\/praktische-antworten-direkt-aus-der-obstbaumschule\/#local-main-organization-logo"},"sameAs":["https:\/\/www.facebook.com\/szkolkakusek\/"],"address":{"@id":"https:\/\/drzewka-kusek.pl\/de\/praktische-antworten-direkt-aus-der-obstbaumschule\/#local-main-place-address"},"telephone":["+48 791 027 207"],"contactPoint":{"@type":"ContactPoint","telephone":"+48 791 027 207","email":"drzewkakusek@gmail.com"},"openingHoursSpecification":[{"@type":"OpeningHoursSpecification","dayOfWeek":["Monday","Tuesday","Wednesday","Thursday","Friday","Saturday"],"opens":"07:00","closes":"18:00"},{"@type":"OpeningHoursSpecification","dayOfWeek":["Sunday"],"opens":"10:00","closes":"12:00"}],"email":"drzewkakusek@gmail.com"},{"@type":"Question","@id":"https:\/\/drzewka-kusek.pl\/de\/praktische-antworten-direkt-aus-der-obstbaumschule\/#faq-question-1749968287981","position":1,"url":"https:\/\/drzewka-kusek.pl\/de\/praktische-antworten-direkt-aus-der-obstbaumschule\/#faq-question-1749968287981","name":"Welche Obstb\u00e4ume pflanzt man am besten im Garten?","answerCount":1,"acceptedAnswer":{"@type":"Answer","text":"<strong>Das h\u00e4ngt von den Bodenverh\u00e4ltnissen, der Sonneneinstrahlung und dem Klima in Ihrem Garten ab.<\/strong><br\/>Unter unseren Bedingungen sind <strong>\u00c4pfel, Birnen, Pflaumen, Sauerkirschen, S\u00fc\u00dfkirschen und Pfirsiche<\/strong> am beliebtesten. In k\u00e4lteren Regionen bew\u00e4hren sich frostharte Sorten, w\u00e4hrend man sich an sehr sonnigen Standorten auch an Aprikosen oder Nektarinen wagen kann.","inLanguage":"de"},"inLanguage":"de"},{"@type":"Question","@id":"https:\/\/drzewka-kusek.pl\/de\/praktische-antworten-direkt-aus-der-obstbaumschule\/#faq-question-1749968394335","position":2,"url":"https:\/\/drzewka-kusek.pl\/de\/praktische-antworten-direkt-aus-der-obstbaumschule\/#faq-question-1749968394335","name":"Wann pflanzt man Obstb\u00e4ume am besten?","answerCount":1,"acceptedAnswer":{"@type":"Answer","text":"<strong>Die beste Zeit, Obstb\u00e4ume zu pflanzen, ist das zeitige Fr\u00fchjahr (M\u00e4rz\u2013April) oder der Herbst (Oktober\u2013November)<\/strong>.<br\/>So haben die Pflanzen die M\u00f6glichkeit, noch vor der Vegetations- bzw. Winterperiode ein kr\u00e4ftiges Wurzelsystem auszubilden.","inLanguage":"de"},"inLanguage":"de"},{"@type":"Question","@id":"https:\/\/drzewka-kusek.pl\/de\/praktische-antworten-direkt-aus-der-obstbaumschule\/#faq-question-1749968591871","position":3,"url":"https:\/\/drzewka-kusek.pl\/de\/praktische-antworten-direkt-aus-der-obstbaumschule\/#faq-question-1749968591871","name":"Wie pflanzt man Obstb\u00e4ume Schritt f\u00fcr Schritt?","answerCount":1,"acceptedAnswer":{"@type":"Answer","text":"1\ufe0f\u20e3. Graben Sie ein Pflanzloch, das etwa doppelt so breit ist wie der Wurzelballen.<br\/>2\ufe0f\u20e3. Geben Sie Humus oder Kompost in das Pflanzloch.<br\/>3\ufe0f\u20e3. Setzen Sie den Baum so, dass der <strong>Wurzelhals auf Bodenniveau liegt<\/strong>.<br\/>4\ufe0f\u20e3. F\u00fcllen Sie das Loch mit Erde, gut andr\u00fccken und gr\u00fcndlich angie\u00dfen.<br\/>5\ufe0f\u20e3. Formen Sie anschlie\u00dfend eine kleine Gie\u00dfmulde, die das Wasser am Stamm zur\u00fcckh\u00e4lt.","inLanguage":"de"},"inLanguage":"de"},{"@type":"Question","@id":"https:\/\/drzewka-kusek.pl\/de\/praktische-antworten-direkt-aus-der-obstbaumschule\/#faq-question-1749968606348","position":4,"url":"https:\/\/drzewka-kusek.pl\/de\/praktische-antworten-direkt-aus-der-obstbaumschule\/#faq-question-1749968606348","name":"Wie pflegt man Obstb\u00e4ume nach dem Pflanzen?","answerCount":1,"acceptedAnswer":{"@type":"Answer","text":"<strong>Gie\u00dfen Sie regelm\u00e4\u00dfig<\/strong>, besonders im ersten Jahr nach der Pflanzung.<br\/><strong>Entfernen Sie Unkraut<\/strong>, das um Wasser und N\u00e4hrstoffe konkurriert.<br\/><strong>D\u00fcngen Sie im Fr\u00fchjahr und Herbst<\/strong>, mit organischen oder mineralischen D\u00fcngern.<br\/><strong>Schneiden Sie den Baum<\/strong>, um eine gute Kronenform zu f\u00f6rdern und kranke oder schwache Triebe zu entfernen.","inLanguage":"de"},"inLanguage":"de"},{"@type":"Question","@id":"https:\/\/drzewka-kusek.pl\/de\/praktische-antworten-direkt-aus-der-obstbaumschule\/#faq-question-1749968624603","position":5,"url":"https:\/\/drzewka-kusek.pl\/de\/praktische-antworten-direkt-aus-der-obstbaumschule\/#faq-question-1749968624603","name":"Warum tragen Obstb\u00e4ume keine Fr\u00fcchte?","answerCount":1,"acceptedAnswer":{"@type":"Answer","text":"Das kann viele Gr\u00fcnde haben, unter anderem:<br\/>Der Baum ist noch zu jung<br\/>Ungeeigneter Standort (zu wenig Sonne, schlechter Boden)<br\/>Falscher bzw. fehlender Schnitt<br\/>Fehlender Best\u00e4uber (viele Arten brauchen einen zweiten Baum in der N\u00e4he)<br\/>Sp\u00e4tfr\u00f6ste im Fr\u00fchjahr, die die Bl\u00fctenknospen gesch\u00e4digt haben","inLanguage":"de"},"inLanguage":"de"},{"@type":"Question","@id":"https:\/\/drzewka-kusek.pl\/de\/praktische-antworten-direkt-aus-der-obstbaumschule\/#faq-question-1749968644658","position":6,"url":"https:\/\/drzewka-kusek.pl\/de\/praktische-antworten-direkt-aus-der-obstbaumschule\/#faq-question-1749968644658","name":"Wie sch\u00fctzt man Obstb\u00e4ume vor Sch\u00e4dlingen und Krankheiten?","answerCount":1,"acceptedAnswer":{"@type":"Answer","text":"\u2705 <strong>Kontrollieren Sie Ihre B\u00e4ume regelm\u00e4\u00dfig<\/strong> auf Sch\u00e4dlinge (z. B. Blattl\u00e4use, Spinnmilben) und Krankheiten (z. B. Schorf, Mehltau).<br\/>\u2705 <strong>Entfernen Sie kranke Triebe<\/strong>, abgefallene Bl\u00e4tter und Fr\u00fcchte, um die Ausbreitung von Erregern zu verhindern.<br\/>\u2705 <strong>Setzen Sie Pflanzenschutzmittel ein<\/strong> \u2013 im Fr\u00fchjahr (vor dem Austrieb) und im Sommer \u2013 je nach Sch\u00e4dling oder Krankheit.<br\/>\u2705 Hilfreich sind au\u00dferdem <strong>Pheromonfallen<\/strong> und <strong>biologische Pr\u00e4parate<\/strong>, die die Population von Sch\u00e4dlingen wirksam begrenzen.","inLanguage":"de"},"inLanguage":"de"},{"@type":"PostalAddress","@id":"https:\/\/drzewka-kusek.pl\/de\/praktische-antworten-direkt-aus-der-obstbaumschule\/#local-main-place-address","streetAddress":"D\u0105bie 140","addressLocality":"Zdziarzec","postalCode":"39-311","addressRegion":"podkarpackie","addressCountry":"PL"},{"@type":"ImageObject","inLanguage":"de","@id":"https:\/\/drzewka-kusek.pl\/de\/praktische-antworten-direkt-aus-der-obstbaumschule\/#local-main-organization-logo","url":"https:\/\/drzewka-kusek.pl\/wp-content\/uploads\/drzewka-kusek-logo2.png","contentUrl":"https:\/\/drzewka-kusek.pl\/wp-content\/uploads\/drzewka-kusek-logo2.png","width":135,"height":105,"caption":"Gospodarstwo Rolne Pawe\u0142 Kusek"}]},"geo.placename":"Zdziarzec","geo.region":"Polen"},"_links":{"self":[{"href":"https:\/\/drzewka-kusek.pl\/de\/wp-json\/wp\/v2\/pages\/4201","targetHints":{"allow":["GET"]}}],"collection":[{"href":"https:\/\/drzewka-kusek.pl\/de\/wp-json\/wp\/v2\/pages"}],"about":[{"href":"https:\/\/drzewka-kusek.pl\/de\/wp-json\/wp\/v2\/types\/page"}],"author":[{"embeddable":true,"href":"https:\/\/drzewka-kusek.pl\/de\/wp-json\/wp\/v2\/users\/1"}],"replies":[{"embeddable":true,"href":"https:\/\/drzewka-kusek.pl\/de\/wp-json\/wp\/v2\/comments?post=4201"}],"version-history":[{"count":1,"href":"https:\/\/drzewka-kusek.pl\/de\/wp-json\/wp\/v2\/pages\/4201\/revisions"}],"predecessor-version":[{"id":4202,"href":"https:\/\/drzewka-kusek.pl\/de\/wp-json\/wp\/v2\/pages\/4201\/revisions\/4202"}],"wp:attachment":[{"href":"https:\/\/drzewka-kusek.pl\/de\/wp-json\/wp\/v2\/media?parent=4201"}],"curies":[{"name":"wp","href":"https:\/\/api.w.org\/{rel}","templated":true}]}}