{"id":939,"date":"2021-01-09T11:27:02","date_gmt":"2021-01-09T10:27:02","guid":{"rendered":"https:\/\/drzewka-kusek.pl\/?page_id=939"},"modified":"2025-12-05T18:12:04","modified_gmt":"2025-12-05T17:12:04","slug":"strona-glowna","status":"publish","type":"page","link":"https:\/\/drzewka-kusek.pl\/de\/","title":{"rendered":"Strona g\u0142\u00f3wna"},"content":{"rendered":"\n<div class=\"wp-block-columns are-vertically-aligned-center hero-section is-layout-flex wp-container-core-columns-is-layout-dfe9b4dc wp-block-columns-is-layout-flex\" style=\"padding-top:var(--wp--preset--spacing--50);padding-bottom:var(--wp--preset--spacing--30)\">\n<div class=\"wp-block-column is-vertically-aligned-center hero-column is-layout-flow wp-block-column-is-layout-flow\" style=\"padding-right:0\">\n<p class=\"sub-head  f-subhead\">Investieren Sie in die Zukunft Ihres Obstgartens und Gartens<\/p>\n\n\n\n<h1 class=\"wp-block-heading\" id=\"h-baumschule-fur-baume-und-obststraucher\">Baumschule f\u00fcr <em>B\u00e4ume<\/em><span class=\"line-one\"> und <em>Obststr\u00e4ucher<\/em>.<\/span><\/h1>\n\n\n\n<p class=\"hero-text\" style=\"font-size:clamp(14px, 0.875rem + ((1vw - 6.4px) * 0.625), 18px);\">Unsere Obstbaumschule bietet sorgf\u00e4ltig ausgew\u00e4hlte Setzlinge, die gesundes Wachstum und reiche Ernteertr\u00e4ge garantieren. Wir setzen auf hochwertige Baumschulpflanzen und professionelle Beratung, damit Sie sich viele Jahre \u00fcber einen sch\u00f6nen, ertragreichen Garten freuen k\u00f6nnen.<\/p>\n\n\n\n<div class=\"wp-block-buttons is-content-justification-right is-layout-flex wp-container-core-buttons-is-layout-d445cf74 wp-block-buttons-is-layout-flex\">\n<div class=\"wp-block-button\"><a class=\"wp-block-button__link has-text-align-center wp-element-button\" href=\"#oferta\">Angebot ansehen<\/a><\/div>\n<\/div>\n<\/div>\n\n\n\n<div class=\"wp-block-column is-vertically-aligned-center is-layout-flow wp-block-column-is-layout-flow\" style=\"padding-left:var(--wp--preset--spacing--30)\">\n<figure class=\"wp-block-image size-full\"><img loading=\"lazy\" decoding=\"async\" width=\"1000\" height=\"1000\" class=\"wp-image-1114\" src=\"https:\/\/drzewka-kusek.pl\/wp-content\/uploads\/szkolka-drzewa-i-krzewy-owocowe.png\" alt=\"Obstbaumschule\" srcset=\"https:\/\/drzewka-kusek.pl\/wp-content\/uploads\/szkolka-drzewa-i-krzewy-owocowe.png 1000w, https:\/\/drzewka-kusek.pl\/wp-content\/uploads\/szkolka-drzewa-i-krzewy-owocowe-480x480.png 480w, https:\/\/drzewka-kusek.pl\/wp-content\/uploads\/szkolka-drzewa-i-krzewy-owocowe-320x320.png 320w, https:\/\/drzewka-kusek.pl\/wp-content\/uploads\/szkolka-drzewa-i-krzewy-owocowe-768x768.png 768w, https:\/\/drzewka-kusek.pl\/wp-content\/uploads\/szkolka-drzewa-i-krzewy-owocowe-600x600.png 600w\" sizes=\"auto, (max-width: 1000px) 100vw, 1000px\" \/><\/figure>\n<\/div>\n<\/div>\n\n\n\n<div class=\"wp-block-group page-section sub-column-text is-vertical is-nowrap is-layout-flex wp-container-core-group-is-layout-f44fb481 wp-block-group-is-layout-flex\">\n<p class=\"has-text-align-center sub-head f-subhead\">Willkommen im Baumschulbetrieb<\/p>\n\n\n\n<p class=\"has-text-align-center sub-head\">Pawe\u0142 Kusek in D\u0105bie<\/p>\n\n\n\n<h2 class=\"wp-block-heading has-text-align-center center-head max-w\" id=\"h-wir-sind-auf-die-produktion-von-obstbaumen-obststrauchern-und-unterlagen-spezialisiert\">Wir sind auf die Produktion von Obstb\u00e4umen, Obststr\u00e4uchern und Unterlagen spezialisiert<\/h2>\n\n\n\n<blockquote class=\"wp-block-quote max-w is-layout-flow wp-block-quote-is-layout-flow\">\n<p class=\"has-text-align-center\">&#8222;Obstb\u00e4ume und Obststr\u00e4ucher sind unsere langj\u00e4hrige Leidenschaft \u2013 seit fast 20 Jahren entwickeln wir unsere Obstbaumschule Schritt f\u00fcr Schritt weiter und legen dabei gr\u00f6\u00dften Wert auf die Qualit\u00e4t und Gesundheit der produzierten Setzlinge.&#8220;<\/p>\n\n\n\n<p class=\"has-text-align-center\"><em><br>Pawe\u0142 Kusek \u2013 Inhaber<\/em><\/p>\n<\/blockquote>\n\n\n\n<div class=\"wp-block-columns sub-columns is-layout-flex wp-container-core-columns-is-layout-28f84493 wp-block-columns-is-layout-flex\">\n<div class=\"wp-block-column sub-col-left is-layout-flow wp-block-column-is-layout-flow\">\n<figure class=\"wp-block-image size-full img-bordered more-margin\"><img loading=\"lazy\" decoding=\"async\" width=\"860\" height=\"860\" class=\"wp-image-2378\" style=\"aspect-ratio: 1; object-fit: cover;\" src=\"https:\/\/drzewka-kusek.pl\/wp-content\/uploads\/jablko.jpg\" alt=\"Pfirsichsetzlinge \u2013 Obstbaumschule\" srcset=\"https:\/\/drzewka-kusek.pl\/wp-content\/uploads\/jablko.jpg 860w, https:\/\/drzewka-kusek.pl\/wp-content\/uploads\/jablko-480x480.jpg 480w, https:\/\/drzewka-kusek.pl\/wp-content\/uploads\/jablko-320x320.jpg 320w, https:\/\/drzewka-kusek.pl\/wp-content\/uploads\/jablko-768x768.jpg 768w, https:\/\/drzewka-kusek.pl\/wp-content\/uploads\/jablko-600x600.jpg 600w\" sizes=\"auto, (max-width: 860px) 100vw, 860px\" \/><\/figure>\n<\/div>\n\n\n\n<div class=\"wp-block-column sub-column-text sub-col-right is-layout-flow wp-container-core-column-is-layout-8a368f38 wp-block-column-is-layout-flow\">\n<p class=\"sub-head\">Erleben Sie die Freude am Obstanbau<\/p>\n\n\n\n<h2 class=\"wp-block-heading\" id=\"h-wir-bieten-das-beste-bei-setzlingen\">Wir bieten das Beste bei Setzlingen<\/h2>\n\n\n\n<p class=\"p-space-12\">M\u00f6chten Sie einen Obstbaum im Hausgarten pflanzen? Bauen Sie Fr\u00fcchte im gr\u00f6\u00dferen Ma\u00dfstab an? Dank der Obstbaumsetzlinge aus unserer Baumschule k\u00f6nnen Sie den Anblick eines sich entwickelnden Baumbestands genie\u00dfen und die Zufriedenheit \u00fcber reife Fr\u00fcchte erleben.<\/p>\n\n\n\n<div class=\"wp-block-columns feat-columns is-layout-flex wp-container-core-columns-is-layout-28f84493 wp-block-columns-is-layout-flex\">\n<div class=\"wp-block-column is-vertically-aligned-center feat-column is-layout-flow wp-container-core-column-is-layout-8a368f38 wp-block-column-is-layout-flow\">\n<figure class=\"wp-block-image aligncenter size-large is-resized\"><img loading=\"lazy\" decoding=\"async\" width=\"65\" height=\"65\" class=\"wp-image-1926\" style=\"width: 65px;\" src=\"https:\/\/drzewka-kusek.pl\/wp-content\/uploads\/\/psychiatry.svg\" alt=\"\" \/><\/figure>\n\n\n\n<p class=\"has-text-align-center has-neutral-color has-text-color has-link-color wp-elements-89743f7d7adef3cecd48649b2524fca7\">hohe Best\u00e4ndigkeit<\/p>\n<\/div>\n\n\n\n<div class=\"wp-block-column is-vertically-aligned-center feat-column is-layout-flow wp-container-core-column-is-layout-8a368f38 wp-block-column-is-layout-flow\">\n<figure class=\"wp-block-image aligncenter size-large is-resized\"><img loading=\"lazy\" decoding=\"async\" width=\"65\" height=\"65\" class=\"wp-image-1923\" style=\"width: 65px;\" src=\"https:\/\/drzewka-kusek.pl\/wp-content\/uploads\/\/vital_signs.svg\" alt=\"\" \/><\/figure>\n\n\n\n<p class=\"has-text-align-center has-neutral-color has-text-color has-link-color wp-elements-484db3c1155e0c54f833ab4ac43e9fd5\">ausgezeichnete Gesundheit<\/p>\n<\/div>\n\n\n\n<div class=\"wp-block-column is-vertically-aligned-center feat-column is-layout-flow wp-container-core-column-is-layout-8a368f38 wp-block-column-is-layout-flow\">\n<figure class=\"wp-block-image aligncenter size-large is-resized\"><img loading=\"lazy\" decoding=\"async\" width=\"65\" height=\"65\" class=\"wp-image-1930\" style=\"width: 65px;\" src=\"https:\/\/drzewka-kusek.pl\/wp-content\/uploads\/\/emoji_nature.svg\" alt=\"\" \/><\/figure>\n\n\n\n<p class=\"has-text-align-center has-neutral-color has-text-color has-link-color wp-elements-202e6f257a23755485c206d7194dab63\">schnelle Fruchtbildung<\/p>\n<\/div>\n<\/div>\n\n\n\n<p class=\"has-text-align-center\"><small><em>Die Qualit\u00e4t der Obstb\u00e4ume aus unserem Baumschulbetrieb in D\u0105bie wird durch Untersuchungen der <a href=\"http:\/\/piorin.gov.pl\/\">Inspektion f\u00fcr Pflanzenschutz und Saatgutwesen<\/a> best\u00e4tigt.<\/em><\/small><\/p>\n<\/div>\n<\/div>\n\n\n\n<div class=\"wp-block-columns feat-columns feat-01 is-layout-flex wp-container-core-columns-is-layout-28f84493 wp-block-columns-is-layout-flex\">\n<div class=\"wp-block-column is-vertically-aligned-center is-layout-flow wp-container-core-column-is-layout-8a368f38 wp-block-column-is-layout-flow\">\n<figure class=\"wp-block-image aligncenter size-large is-resized\"><img loading=\"lazy\" decoding=\"async\" width=\"35\" height=\"35\" class=\"wp-image-1851\" style=\"width: 35px;\" src=\"https:\/\/drzewka-kusek.pl\/wp-content\/uploads\/\/filter_1.svg\" alt=\"\" \/><\/figure>\n\n\n\n<h3 class=\"wp-block-heading has-text-align-center has-x-large-font-size\" id=\"h-systematische-arbeit\"><strong>Systematische Arbeit<\/strong><\/h3>\n\n\n\n<p class=\"has-text-align-center\">Die hervorragende Vitalit\u00e4t, die unsere Obstb\u00e4ume auszeichnet, ist in hohem Ma\u00dfe das Ergebnis systematischer Arbeit und langj\u00e4hriger Erfahrung.<\/p>\n<\/div>\n\n\n\n<div class=\"wp-block-column is-vertically-aligned-center is-layout-flow wp-container-core-column-is-layout-8a368f38 wp-block-column-is-layout-flow\">\n<figure class=\"wp-block-image aligncenter size-large is-resized\"><img loading=\"lazy\" decoding=\"async\" width=\"35\" height=\"35\" class=\"wp-image-2047\" style=\"width: 35px;\" src=\"https:\/\/drzewka-kusek.pl\/wp-content\/uploads\/\/filter_2.svg\" alt=\"\" \/><\/figure>\n\n\n\n<h3 class=\"wp-block-heading has-text-align-center has-x-large-font-size\" id=\"h-entwicklung-und-investitionen\"><strong><strong>Entwicklung und Investitionen<\/strong><\/strong><\/h3>\n\n\n\n<p class=\"has-text-align-center\">Investitionen in moderne Ausr\u00fcstung und Materialien, die f\u00fcr die Produktion von Baumschulmaterial verwendet werden, garantieren, dass unsere Setzlinge die h\u00f6chsten Standards erf\u00fcllen.<\/p>\n<\/div>\n\n\n\n<div class=\"wp-block-column is-vertically-aligned-center is-layout-flow wp-container-core-column-is-layout-8a368f38 wp-block-column-is-layout-flow\">\n<figure class=\"wp-block-image aligncenter size-large is-resized\"><img loading=\"lazy\" decoding=\"async\" width=\"35\" height=\"35\" class=\"wp-image-2050\" style=\"width: 35px;\" src=\"https:\/\/drzewka-kusek.pl\/wp-content\/uploads\/\/filter_3.svg\" alt=\"\" \/><\/figure>\n\n\n\n<h3 class=\"wp-block-heading has-text-align-center has-x-large-font-size\" id=\"h-eigener-edelreisgarten\"><strong><strong>Eigener Edelreisgarten<\/strong><\/strong><\/h3>\n\n\n\n<p class=\"has-text-align-center\">Unser eigener Muttergarten und Edelreisgarten erm\u00f6glicht es uns, den Produktionsprozess von Obstb\u00e4umen und -str\u00e4uchern sowie deren Qualit\u00e4t und Gesundheit vollst\u00e4ndig zu kontrollieren.<\/p>\n<\/div>\n<\/div>\n<\/div>\n\n\n\n<div id=\"oferta\" class=\"wp-block-group page-section sub-column-text no-top-padd is-vertical is-content-justification-center is-nowrap is-layout-flex wp-container-core-group-is-layout-e5c239f9 wp-block-group-is-layout-flex\">\n<p class=\"has-text-align-center sub-head center-head\">Was brauchen Sie f\u00fcr Ihren Obstgarten<\/p>\n\n\n\n<h2 class=\"wp-block-heading has-text-align-center center-head max-w\" id=\"h-obstbaume-und-obststraucher-aus-unserer-baumschule\">Obstb\u00e4ume und Obststr\u00e4ucher aus unserer Baumschule<\/h2>\n\n\n\n<p class=\"has-text-align-center center-head max-w more-space\">Dank 20 Jahren Erfahrung in der Branche kann unsere Obstbaumschule eine gro\u00dfe Auswahl an hochwertigen Obstbaumsetzlingen anbieten \u2013 Apfel-, Birnen-, Pflaumen-, S\u00fc\u00dfkirsch-, Pfirsich-, Aprikosen- und Sauerkirschb\u00e4ume.<\/p>\n\n\n\n<p class=\"more-space\"><strong>Wir laden Sie ein, sich mit unserem Angebot vertraut zu machen.<\/strong><\/p>\n<\/div>\n\n\n\n<div class=\"wp-block-columns product-row is-layout-flex wp-container-core-columns-is-layout-28f84493 wp-block-columns-is-layout-flex\">\n<div class=\"wp-block-column fruit-col is-layout-flow wp-block-column-is-layout-flow\">\n<figure class=\"wp-block-image aligncenter size-full is-resized img-bordered list-img\"><img loading=\"lazy\" decoding=\"async\" width=\"860\" height=\"860\" class=\"wp-image-2378\" style=\"object-fit: cover; width: 220px; height: 220px;\" src=\"https:\/\/drzewka-kusek.pl\/wp-content\/uploads\/jablko.jpg\" alt=\"\" srcset=\"https:\/\/drzewka-kusek.pl\/wp-content\/uploads\/jablko.jpg 860w, https:\/\/drzewka-kusek.pl\/wp-content\/uploads\/jablko-480x480.jpg 480w, https:\/\/drzewka-kusek.pl\/wp-content\/uploads\/jablko-320x320.jpg 320w, https:\/\/drzewka-kusek.pl\/wp-content\/uploads\/jablko-768x768.jpg 768w, https:\/\/drzewka-kusek.pl\/wp-content\/uploads\/jablko-600x600.jpg 600w\" sizes=\"auto, (max-width: 860px) 100vw, 860px\" \/><\/figure>\n\n\n\n<h3 class=\"wp-block-heading has-text-align-center has-xx-large-font-size\" id=\"h-apfelbaum\"><a href=\"https:\/\/drzewka-kusek.pl\/drzewa-owocowe-poradnik\/drzewo-owocowe-jablon-krotki-przewodnik-po-uprawie-odmianach-i-pielegnacji-jabloni\/\">Apfelbaum<\/a><\/h3>\n\n\n\n<p class=\"has-text-align-center\">Liefert k\u00f6stliche Fr\u00fcchte und reiche Ernten \u00fcber viele Jahre. Apfelbaumsetzlinge sind leicht zu kultivieren und vertragen das polnische Klima gut.<\/p>\n\n\n\n<p class=\"has-text-align-center\">idared szampion gala gloster golden delicjous lobo jonagoldy szara reneta oliwka \u017c\u00f3\u0142ta.<\/p>\n<\/div>\n\n\n\n<div class=\"wp-block-column fruit-col is-layout-flow wp-block-column-is-layout-flow\">\n<figure class=\"wp-block-image aligncenter size-full is-resized img-bordered list-img\"><img loading=\"lazy\" decoding=\"async\" width=\"220\" height=\"220\" class=\"wp-image-2216\" style=\"width: 220px;\" src=\"https:\/\/drzewka-kusek.pl\/wp-content\/uploads\/drzewka-czeresnia.webp\" alt=\"\" \/><\/figure>\n\n\n\n<h3 class=\"wp-block-heading has-text-align-center has-xx-large-font-size\" id=\"h-susskirsche\">S\u00fc\u00dfkirsche<\/h3>\n\n\n\n<p class=\"has-text-align-center\">S\u00fc\u00dfkirschsetzlinge tragen gro\u00dfe, knackige Fr\u00fcchte und sorgen f\u00fcr einen fr\u00fchen sommerlichen Hauch von S\u00fc\u00dfe in jedem Obstgarten.<\/p>\n\n\n\n<p class=\"has-text-align-center\">burlat kordia regina summit sylvia andere Sorten<\/p>\n<\/div>\n\n\n\n<div class=\"wp-block-column fruit-col is-layout-flow wp-block-column-is-layout-flow\">\n<figure class=\"wp-block-image aligncenter size-full is-resized img-bordered list-img\"><img loading=\"lazy\" decoding=\"async\" width=\"220\" height=\"220\" class=\"wp-image-2374\" style=\"width: 220px;\" src=\"https:\/\/drzewka-kusek.pl\/wp-content\/uploads\/sliwka-1.jpg\" alt=\"\" srcset=\"https:\/\/drzewka-kusek.pl\/wp-content\/uploads\/sliwka-1.jpg 853w, https:\/\/drzewka-kusek.pl\/wp-content\/uploads\/sliwka-1-480x480.jpg 480w, https:\/\/drzewka-kusek.pl\/wp-content\/uploads\/sliwka-1-320x320.jpg 320w, https:\/\/drzewka-kusek.pl\/wp-content\/uploads\/sliwka-1-768x768.jpg 768w, https:\/\/drzewka-kusek.pl\/wp-content\/uploads\/sliwka-1-600x600.jpg 600w\" sizes=\"auto, (max-width: 220px) 100vw, 220px\" \/><\/figure>\n\n\n\n<h3 class=\"wp-block-heading has-text-align-center has-xx-large-font-size\" id=\"h-pflaumenbaum\">Pflaumenbaum<\/h3>\n\n\n\n<p class=\"has-text-align-center\">Pflaumensetzlinge sind leicht zu ziehende B\u00e4ume, die regelm\u00e4\u00dfig gro\u00dfe, s\u00fc\u00dfe Fr\u00fcchte liefern \u2013 ideal zum Frischverzehr und f\u00fcr Konserven.<\/p>\n\n\n\n<p class=\"has-text-align-center\">prezydent amers w\u0119gierka zwyk\u0142a w\u0119gierka d\u0105browicka stanley rengloda ulena<\/p>\n<\/div>\n\n\n\n<div class=\"wp-block-column fruit-col is-layout-flow wp-block-column-is-layout-flow\">\n<figure class=\"wp-block-image aligncenter size-full is-resized img-bordered list-img\"><img loading=\"lazy\" decoding=\"async\" width=\"220\" height=\"220\" class=\"wp-image-2202\" style=\"width: 220px;\" src=\"https:\/\/drzewka-kusek.pl\/wp-content\/uploads\/drzewka-grusza.webp\" alt=\"\" \/><\/figure>\n\n\n\n<h3 class=\"wp-block-heading has-text-align-center has-xx-large-font-size\" id=\"h-birnbaum\">Birnbaum<\/h3>\n\n\n\n<p class=\"has-text-align-center\">Birnb\u00e4ume liefern saftige, aromatische Fr\u00fcchte mit feinem Dessertgeschmack \u2013 eine hervorragende Wahl f\u00fcr den Garten unter polnischen Bedingungen.<\/p>\n\n\n\n<p class=\"has-text-align-center\">faworytka lukas\u00f3wka konferencja<\/p>\n<\/div>\n<\/div>\n\n\n\n<div class=\"wp-block-columns product-row row-bottom is-layout-flex wp-container-core-columns-is-layout-28f84493 wp-block-columns-is-layout-flex\">\n<div class=\"wp-block-column fruit-col is-layout-flow wp-block-column-is-layout-flow\">\n<figure class=\"wp-block-image aligncenter size-full is-resized img-bordered list-img\"><img loading=\"lazy\" decoding=\"async\" width=\"220\" height=\"220\" class=\"wp-image-2213\" style=\"width: 220px;\" src=\"https:\/\/drzewka-kusek.pl\/wp-content\/uploads\/drzewka-brzsokwinia.webp\" alt=\"\" \/><\/figure>\n\n\n\n<h3 class=\"wp-block-heading has-text-align-center has-xx-large-font-size\" id=\"h-pfirsichbaum\">Pfirsichbaum<\/h3>\n\n\n\n<p class=\"has-text-align-center\">Pfirsichb\u00e4ume liefern duftende, weiche Fr\u00fcchte direkt aus dem Garten \u2013 perfekt zum Frischverzehr und f\u00fcr hausgemachte Konserven.<\/p>\n\n\n\n<p class=\"has-text-align-center\"><span>inka<\/span><span>harna\u015b<\/span><span>harbinger<\/span><span>andere Sorten<\/span><\/p>\n<\/div>\n\n\n\n<div class=\"wp-block-column fruit-col is-layout-flow wp-block-column-is-layout-flow\">\n<figure class=\"wp-block-image aligncenter size-full is-resized img-bordered list-img\"><img loading=\"lazy\" decoding=\"async\" width=\"220\" height=\"220\" class=\"wp-image-2206\" style=\"width: 220px;\" src=\"https:\/\/drzewka-kusek.pl\/wp-content\/uploads\/drzewka-morela.webp\" alt=\"\" \/><\/figure>\n\n\n\n<h3 class=\"wp-block-heading has-text-align-center has-xx-large-font-size\" id=\"h-aprikosenbaum\">Aprikosenbaum<\/h3>\n\n\n\n<p class=\"has-text-align-center\">Aprikosensetzlinge fruchten fr\u00fch und bieten den sonnigen Geschmack des Sommers; w\u00e4hlen Sie einen warmen, gesch\u00fctzten Standort, um sich \u00fcber reiche Ernten zu freuen.<\/p>\n\n\n\n<p class=\"has-text-align-center\">harcot goldrich andere Sorten<\/p>\n<\/div>\n\n\n\n<div class=\"wp-block-column fruit-col is-layout-flow wp-block-column-is-layout-flow\">\n<figure class=\"wp-block-image aligncenter size-full is-resized img-bordered list-img\"><img loading=\"lazy\" decoding=\"async\" width=\"220\" height=\"220\" class=\"wp-image-2223\" style=\"width: 220px;\" src=\"https:\/\/drzewka-kusek.pl\/wp-content\/uploads\/drzewka-sliwa-1.webp\" alt=\"\" \/><\/figure>\n\n\n\n<h3 class=\"wp-block-heading has-text-align-center has-xx-large-font-size\" id=\"h-sauerkirsche\">Sauerkirsche<\/h3>\n\n\n\n<p class=\"has-text-align-center\">Sauerkirschb\u00e4ume tragen reichlich Fr\u00fcchte, und die s\u00fc\u00df-sauren Beeren eignen sich hervorragend f\u00fcr S\u00e4fte, Lik\u00f6re und Kuchen.<\/p>\n\n\n\n<p class=\"has-text-align-center\">\u0142ut\u00f3wka graniasta debreczyn andere Sorten<\/p>\n<\/div>\n\n\n\n<div class=\"wp-block-column fruit-col is-layout-flow wp-block-column-is-layout-flow\">\n<figure class=\"wp-block-image aligncenter size-full is-resized img-bordered list-img\"><img loading=\"lazy\" decoding=\"async\" width=\"220\" height=\"220\" class=\"wp-image-2227\" style=\"width: 220px;\" src=\"https:\/\/drzewka-kusek.pl\/wp-content\/uploads\/drzewka-nektaryna.webp\" alt=\"\" \/><\/figure>\n\n\n\n<h3 class=\"wp-block-heading has-text-align-center has-xx-large-font-size\" id=\"h-nektarinenbaum\">Nektarinenbaum<\/h3>\n\n\n\n<p class=\"has-text-align-center\">Glatt\u00adh\u00e4utige, saftige Nektarinen mit intensivem Geschmack sind ein attraktiver, leicht zu f\u00fchrender Akzent im Hausgarten.<\/p>\n\n\n\n<p class=\"has-text-align-center\">harco andere Sorten<\/p>\n<\/div>\n<\/div>\n\n\n\n<div class=\"wp-block-buttons margin-bottom-01 is-content-justification-center is-layout-flex wp-container-core-buttons-is-layout-84cf7f1f wp-block-buttons-is-layout-flex\" style=\"margin-top:0;margin-bottom:0\">\n<div class=\"wp-block-button\"><a class=\"wp-block-button__link has-text-align-center wp-element-button\" href=\"https:\/\/drzewka-kusek.pl\/de\/angebot\/\">Details ansehen<\/a><\/div>\n<\/div>\n\n\n\n<div class=\"wp-block-columns page-section no-top-padd is-layout-flex wp-container-core-columns-is-layout-28f84493 wp-block-columns-is-layout-flex\">\n<div class=\"wp-block-column is-vertically-aligned-top sub-column-text is-layout-flow wp-container-core-column-is-layout-8a368f38 wp-block-column-is-layout-flow\" style=\"flex-basis:33.33%\">\n<p class=\"has-text-align-left sub-head center-head\">aus dem Notizbuch des Obstg\u00e4rtners<\/p>\n\n\n\n<h2 class=\"wp-block-heading has-text-align-left center-head max-w\" id=\"h-weisst-du-dass\">Wei\u00dft du, dass \u2026<\/h2>\n\n\n\n<p class=\"has-small-font-size\">Kurze Wissensh\u00e4ppchen, Tipps und praktische Beobachtungen aus der Arbeit in der Obstbaumschule \u2013 damit Ihre B\u00e4ume gesund wachsen und reichlich Fr\u00fcchte tragen.<\/p>\n<\/div>\n\n\n\n<div class=\"wp-block-column is-layout-flow wp-block-column-is-layout-flow\" style=\"flex-basis:66.66%\">\n<div class=\"wp-block-columns is-layout-flex wp-container-core-columns-is-layout-28f84493 wp-block-columns-is-layout-flex\">\n<div class=\"wp-block-column is-vertically-aligned-center is-layout-flow wp-block-column-is-layout-flow\" style=\"padding-right:var(--wp--preset--spacing--30);padding-left:var(--wp--preset--spacing--30)\">\n<p class=\"has-small-font-size\"><em>Die beste Zeit, um Obstb\u00e4ume und Obststr\u00e4ucher zu pflanzen, ist der Herbst.<\/em><\/p>\n\n\n\n<p class=\"has-small-font-size\"><em>Die meisten Apfelsorten ben\u00f6tigen mindestens vier Jahre, bevor sie die ersten Fr\u00fcchte tragen.<\/em><\/p>\n<\/div>\n\n\n\n<div class=\"wp-block-column is-vertically-aligned-center is-layout-flow wp-block-column-is-layout-flow\" style=\"padding-right:var(--wp--preset--spacing--30);padding-left:var(--wp--preset--spacing--30)\">\n<p class=\"has-small-font-size\"><em>Das optimale Pflanzloch f\u00fcr Obstb\u00e4ume sollte etwa doppelt so gro\u00df sein wie das Wurzelsystem des Setzlings.<\/em><\/p>\n\n\n\n<p class=\"has-small-font-size\"><em>Nektarinen und Pfirsiche sind beliebte selbstbest\u00e4ubende Arten.<\/em><\/p>\n\n\n\n<p class=\"czy-wiesz-cta has-small-font-size\"><a href=\"https:\/\/drzewka-kusek.pl\/de\/notizen-direkt-aus-der-obstbaumschule\/\">Zu den Notizen \u2193<\/a><\/p>\n<\/div>\n<\/div>\n<\/div>\n<\/div>\n\n\n\n<div class=\"wp-block-group faq-section is-vertical is-content-justification-center is-layout-flex wp-container-core-group-is-layout-36813912 wp-block-group-is-layout-flex\" style=\"padding-top:var(--wp--preset--spacing--40);padding-bottom:var(--wp--preset--spacing--40)\">\n<h3 class=\"wp-block-heading has-text-align-center\" id=\"h-haufige-fragen-und-antworten\">H\u00e4ufige Fragen und Antworten<\/h3>\n\n\n\n<div class=\"schema-faq wp-block-yoast-faq-block\">\r\n<div id=\"faq-question-1749968287981\" class=\"schema-faq-section\"><strong class=\"schema-faq-question\">Welche Obstb\u00e4ume eignen sich am besten f\u00fcr den Garten?<\/strong>\r\n<p class=\"schema-faq-answer\"><strong>Das h\u00e4ngt von den Bodenverh\u00e4ltnissen, der Sonneneinstrahlung und dem Klima in Ihrem Garten ab.<\/strong><br \/>Am beliebtesten sind unter unseren Bedingungen <strong>Apfel-, Birnen-, Pflaumen-, Sauerkirsch-, S\u00fc\u00dfkirsch- und Pfirsichb\u00e4ume<\/strong>. In k\u00e4lteren Regionen bew\u00e4hren sich frostresistente Sorten, w\u00e4hrend man sich an sonnigen Standorten an Aprikosen und Nektarinen wagen kann.<\/p>\r\n<\/div>\r\n<div id=\"faq-question-1749968394335\" class=\"schema-faq-section\"><strong class=\"schema-faq-question\">Wann ist die beste Zeit, um Obstb\u00e4ume zu pflanzen?<\/strong>\r\n<p class=\"schema-faq-answer\"><strong>Die beste Zeit, um Obstb\u00e4ume zu pflanzen, ist der fr\u00fche Fr\u00fchling (M\u00e4rz\u2013April) oder der Herbst (Oktober\u2013November)<\/strong>.<br \/>So haben die Pflanzen die M\u00f6glichkeit, sich vor der Vegetations- bzw. Winterperiode gut zu bewurzeln.<\/p>\r\n<\/div>\r\n<div id=\"faq-question-1749968606348\" class=\"schema-faq-section\"><strong class=\"schema-faq-question\">Wie pflegt man Obstb\u00e4ume nach der Pflanzung?<\/strong>\r\n<p class=\"schema-faq-answer\"><strong>Gie\u00dfen Sie regelm\u00e4\u00dfig<\/strong>, insbesondere im ersten Jahr nach der Pflanzung.<br \/><strong>Entfernen Sie Unkraut<\/strong>, das um Wasser und N\u00e4hrstoffe konkurriert.<br \/><strong>D\u00fcngen Sie im Fr\u00fchling und Herbst<\/strong> mit organischen oder mineralischen D\u00fcngemitteln.<br \/><strong>Schneiden Sie die B\u00e4ume<\/strong>, um die richtige Form zu geben und kranke oder schwache Triebe zu entfernen.<\/p>\r\n<\/div>\r\n<\/div>\n\n\n\n<div class=\"wp-block-buttons margin-bottom-01 is-content-justification-center is-layout-flex wp-container-core-buttons-is-layout-69512fd7 wp-block-buttons-is-layout-flex\" style=\"margin-top:var(--wp--preset--spacing--30);margin-bottom:0\">\n<div class=\"wp-block-button\"><a class=\"wp-block-button__link has-text-align-center wp-element-button\" href=\"https:\/\/drzewka-kusek.pl\/czeste-pytania-i-odpwowiedzi\/\">Weitere Fragen und Antworten<\/a><\/div>\n<\/div>\n<\/div>\n\n\n\n<div class=\"wp-block-group page-section sub-column-text no-top-padd is-vertical is-content-justification-center is-nowrap is-layout-flex wp-container-core-group-is-layout-e5c239f9 wp-block-group-is-layout-flex\">\n<p class=\"sub-head center-head\">Unsere Baumschule in D\u0105bie in Aktion<\/p>\n\n\n\n<h2 class=\"wp-block-heading has-text-align-center center-head max-w\" id=\"h-galerie\">Galerie<\/h2>\n\n\n\n<p class=\"has-text-align-center\" style=\"padding-top:var(--wp--preset--spacing--20);padding-bottom:var(--wp--preset--spacing--20)\">Wir laden Sie ein, unsere Galerie anzuschauen und uns pers\u00f6nlich in unserer Obstbaumschule zu besuchen!<br>Vor Ort lernen Sie unser Angebot noch besser kennen und erhalten fachkundige Beratung.<\/p>\n\n\n\n<p class=\"has-text-align-center\" style=\"padding-top:var(--wp--preset--spacing--20);padding-bottom:var(--wp--preset--spacing--20)\">Landwirtschaftsbetrieb Pawe\u0142 Kusek \u2013 <strong><a href=\"https:\/\/drzewka-kusek.pl\/de\/angebot\/\">Obstbaumschule<\/a><\/strong> \u2013 Ihre Adresse f\u00fcr gesunde und sch\u00f6ne Obstb\u00e4ume.<\/p>\n\n\n\n<figure class=\"wp-block-gallery has-nested-images columns-3 is-cropped page-section wp-block-gallery-1 is-layout-flex wp-block-gallery-is-layout-flex\" style=\"padding-right:var(--wp--preset--spacing--20);padding-left:var(--wp--preset--spacing--20)\">\n<figure class=\"wp-block-image size-full\"><a href=\"https:\/\/drzewka-kusek.pl\/wp-content\/uploads\/drzewka-szkolka-227.jpg\"><img loading=\"lazy\" decoding=\"async\" width=\"723\" height=\"960\" data-id=\"3163\" class=\"wp-image-3165\" src=\"https:\/\/drzewka-kusek.pl\/wp-content\/uploads\/drzewka-szkolka-227.jpg\" alt=\"Obstbaumschule D\u0105bie\" srcset=\"https:\/\/drzewka-kusek.pl\/wp-content\/uploads\/drzewka-szkolka-227.jpg 723w, https:\/\/drzewka-kusek.pl\/wp-content\/uploads\/drzewka-szkolka-227-362x480.jpg 362w\" sizes=\"auto, (max-width: 723px) 100vw, 723px\" \/><\/a><\/figure>\n\n\n\n<figure class=\"wp-block-image size-full\"><a href=\"https:\/\/drzewka-kusek.pl\/wp-content\/uploads\/drzewka-szkolka-9.jpg\"><img loading=\"lazy\" decoding=\"async\" width=\"720\" height=\"960\" data-id=\"3196\" class=\"wp-image-3198\" src=\"https:\/\/drzewka-kusek.pl\/wp-content\/uploads\/drzewka-szkolka-9.jpg\" alt=\"Obstbaumschule\" srcset=\"https:\/\/drzewka-kusek.pl\/wp-content\/uploads\/drzewka-szkolka-9.jpg 720w, https:\/\/drzewka-kusek.pl\/wp-content\/uploads\/drzewka-szkolka-9-360x480.jpg 360w\" sizes=\"auto, (max-width: 720px) 100vw, 720px\" \/><\/a><\/figure>\n\n\n\n<figure class=\"wp-block-image size-full\"><a href=\"https:\/\/drzewka-kusek.pl\/wp-content\/uploads\/drzewka-szkolka-16-1.jpg\"><img loading=\"lazy\" decoding=\"async\" width=\"723\" height=\"960\" data-id=\"3211\" class=\"wp-image-3213\" src=\"https:\/\/drzewka-kusek.pl\/wp-content\/uploads\/drzewka-szkolka-16-1.jpg\" alt=\"Obstbaumschule\" srcset=\"https:\/\/drzewka-kusek.pl\/wp-content\/uploads\/drzewka-szkolka-16-1.jpg 723w, https:\/\/drzewka-kusek.pl\/wp-content\/uploads\/drzewka-szkolka-16-1-362x480.jpg 362w\" sizes=\"auto, (max-width: 723px) 100vw, 723px\" \/><\/a><\/figure>\n\n\n\n<figure class=\"wp-block-image size-full\"><a href=\"https:\/\/drzewka-kusek.pl\/wp-content\/uploads\/drzewka-szkolka-6-1.jpg\"><img loading=\"lazy\" decoding=\"async\" width=\"720\" height=\"883\" data-id=\"3181\" class=\"wp-image-3183\" src=\"https:\/\/drzewka-kusek.pl\/wp-content\/uploads\/drzewka-szkolka-6-1.jpg\" alt=\"Obstbaumschule\" srcset=\"https:\/\/drzewka-kusek.pl\/wp-content\/uploads\/drzewka-szkolka-6-1.jpg 720w, https:\/\/drzewka-kusek.pl\/wp-content\/uploads\/drzewka-szkolka-6-1-391x480.jpg 391w\" sizes=\"auto, (max-width: 720px) 100vw, 720px\" \/><\/a><\/figure>\n\n\n\n<figure class=\"wp-block-image size-full\"><a href=\"https:\/\/drzewka-kusek.pl\/wp-content\/uploads\/drzewka-szkolka-11.jpg\"><img loading=\"lazy\" decoding=\"async\" width=\"1542\" height=\"2048\" data-id=\"3151\" class=\"wp-image-3153\" src=\"https:\/\/drzewka-kusek.pl\/wp-content\/uploads\/drzewka-szkolka-11.jpg\" alt=\"Obstbaumschule\" srcset=\"https:\/\/drzewka-kusek.pl\/wp-content\/uploads\/drzewka-szkolka-11.jpg 1542w, https:\/\/drzewka-kusek.pl\/wp-content\/uploads\/drzewka-szkolka-11-361x480.jpg 361w, https:\/\/drzewka-kusek.pl\/wp-content\/uploads\/drzewka-szkolka-11-771x1024.jpg 771w, https:\/\/drzewka-kusek.pl\/wp-content\/uploads\/drzewka-szkolka-11-768x1020.jpg 768w, https:\/\/drzewka-kusek.pl\/wp-content\/uploads\/drzewka-szkolka-11-1157x1536.jpg 1157w\" sizes=\"auto, (max-width: 1542px) 100vw, 1542px\" \/><\/a><\/figure>\n<\/figure>\n\n\n\n<div class=\"wp-block-buttons no-top-margin is-content-justification-center is-layout-flex wp-container-core-buttons-is-layout-e511ce0b wp-block-buttons-is-layout-flex\" style=\"margin-top:var(--wp--preset--spacing--30);margin-bottom:var(--wp--preset--spacing--30)\">\n<div class=\"wp-block-button\"><a class=\"wp-block-button__link has-text-align-center wp-element-button\" href=\"https:\/\/drzewka-kusek.pl\/de\/galerie\/\">Details ansehen<\/a><\/div>\n<\/div>\n<\/div>\n","protected":false},"excerpt":{"rendered":"<p>Investieren Sie in die Zukunft Ihres Obstgartens und Gartens Baumschule f\u00fcr B\u00e4ume und Obststr\u00e4ucher. Unsere Obstbaumschule bietet sorgf\u00e4ltig ausgew\u00e4hlte Setzlinge, die gesundes Wachstum und reiche Ernteertr\u00e4ge garantieren. Wir setzen auf hochwertige Baumschulpflanzen und professionelle Beratung, damit Sie sich viele Jahre \u00fcber einen sch\u00f6nen, ertragreichen Garten freuen k\u00f6nnen. Willkommen im Baumschulbetrieb Pawe\u0142 Kusek in D\u0105bie Wir [&hellip;]<\/p>\n","protected":false},"author":1,"featured_media":1114,"parent":0,"menu_order":0,"comment_status":"closed","ping_status":"closed","template":"","meta":{"two_page_speed":[],"footnotes":""},"class_list":["post-939","page","type-page","status-publish","has-post-thumbnail","hentry"],"yoast_head":"<!-- This site is optimized with the Yoast SEO Premium plugin v22.8 (Yoast SEO v26.9) - https:\/\/yoast.com\/product\/yoast-seo-premium-wordpress\/ -->\n<title>Obstbaumschule - Pawe\u0142 Kusek<\/title>\n<meta name=\"description\" content=\"Wir bieten Obstbaumsetzlinge mit hoher Widerstandsf\u00e4higkeit, ausgezeichnetem Gesundheitszustand und schneller Fruchtbildung an.\" \/>\n<meta name=\"robots\" content=\"index, follow, max-snippet:-1, max-image-preview:large, max-video-preview:-1\" \/>\n<link rel=\"canonical\" href=\"https:\/\/drzewka-kusek.pl\/de\/\" \/>\n<meta property=\"og:locale\" content=\"de_DE\" \/>\n<meta property=\"og:type\" content=\"article\" \/>\n<meta property=\"og:title\" content=\"Strona g\u0142\u00f3wna\" \/>\n<meta property=\"og:description\" content=\"Wir bieten Obstbaumsetzlinge mit hoher Widerstandsf\u00e4higkeit, ausgezeichnetem Gesundheitszustand und schneller Fruchtbildung an.\" \/>\n<meta property=\"og:url\" content=\"https:\/\/drzewka-kusek.pl\/de\/\" \/>\n<meta property=\"og:site_name\" content=\"drzewka-kusek\" \/>\n<meta property=\"article:publisher\" content=\"https:\/\/www.facebook.com\/szkolkakusek\/\" \/>\n<meta property=\"article:modified_time\" content=\"2025-12-05T17:12:04+00:00\" \/>\n<meta property=\"og:image\" content=\"https:\/\/drzewka-kusek.pl\/wp-content\/uploads\/szkolka-drzewa-i-krzewy-owocowe.png\" \/>\n\t<meta property=\"og:image:width\" content=\"1000\" \/>\n\t<meta property=\"og:image:height\" content=\"1000\" \/>\n\t<meta property=\"og:image:type\" content=\"image\/png\" \/>\n<meta name=\"twitter:card\" content=\"summary_large_image\" \/>\n<script type=\"application\/ld+json\" class=\"yoast-schema-graph\">{\"@context\":\"https:\/\/schema.org\",\"@graph\":[{\"@type\":[\"WebPage\",\"FAQPage\"],\"@id\":\"https:\/\/drzewka-kusek.pl\/de\/\",\"url\":\"https:\/\/drzewka-kusek.pl\/de\/\",\"name\":\"Obstbaumschule - Pawe\u0142 Kusek\",\"isPartOf\":{\"@id\":\"https:\/\/drzewka-kusek.pl\/de\/#website\"},\"primaryImageOfPage\":{\"@id\":\"https:\/\/drzewka-kusek.pl\/de\/#primaryimage\"},\"image\":{\"@id\":\"https:\/\/drzewka-kusek.pl\/de\/#primaryimage\"},\"thumbnailUrl\":\"https:\/\/drzewka-kusek.pl\/wp-content\/uploads\/szkolka-drzewa-i-krzewy-owocowe.png\",\"datePublished\":\"2021-01-09T10:27:02+00:00\",\"dateModified\":\"2025-12-05T17:12:04+00:00\",\"description\":\"Wir bieten Obstbaumsetzlinge mit hoher Widerstandsf\u00e4higkeit, ausgezeichnetem Gesundheitszustand und schneller Fruchtbildung an.\",\"breadcrumb\":{\"@id\":\"https:\/\/drzewka-kusek.pl\/de\/#breadcrumb\"},\"mainEntity\":[{\"@id\":\"https:\/\/drzewka-kusek.pl\/de\/#faq-question-1749968287981\"},{\"@id\":\"https:\/\/drzewka-kusek.pl\/de\/#faq-question-1749968394335\"},{\"@id\":\"https:\/\/drzewka-kusek.pl\/de\/#faq-question-1749968606348\"}],\"inLanguage\":\"de\",\"potentialAction\":[{\"@type\":\"ReadAction\",\"target\":[\"https:\/\/drzewka-kusek.pl\/de\/\"]}]},{\"@type\":\"ImageObject\",\"inLanguage\":\"de\",\"@id\":\"https:\/\/drzewka-kusek.pl\/de\/#primaryimage\",\"url\":\"https:\/\/drzewka-kusek.pl\/wp-content\/uploads\/szkolka-drzewa-i-krzewy-owocowe.png\",\"contentUrl\":\"https:\/\/drzewka-kusek.pl\/wp-content\/uploads\/szkolka-drzewa-i-krzewy-owocowe.png\",\"width\":1000,\"height\":1000,\"caption\":\"szk\u00f3\u0142ka drzew owocowych D\u0105bie, podkarpackie\"},{\"@type\":\"BreadcrumbList\",\"@id\":\"https:\/\/drzewka-kusek.pl\/de\/#breadcrumb\",\"itemListElement\":[{\"@type\":\"ListItem\",\"position\":1,\"name\":\"Strona g\u0142\u00f3wna\",\"item\":\"https:\/\/drzewka-kusek.pl\/de\/\"},{\"@type\":\"ListItem\",\"position\":2,\"name\":\"Strona g\u0142\u00f3wna\"}]},{\"@type\":\"WebSite\",\"@id\":\"https:\/\/drzewka-kusek.pl\/de\/#website\",\"url\":\"https:\/\/drzewka-kusek.pl\/de\/\",\"name\":\"Szk\u00f3\u0142ka drzew owocowych\",\"description\":\"drzewka kusek\",\"publisher\":{\"@id\":\"https:\/\/drzewka-kusek.pl\/de\/#organization\"},\"potentialAction\":[{\"@type\":\"SearchAction\",\"target\":{\"@type\":\"EntryPoint\",\"urlTemplate\":\"https:\/\/drzewka-kusek.pl\/de\/?s={search_term_string}\"},\"query-input\":{\"@type\":\"PropertyValueSpecification\",\"valueRequired\":true,\"valueName\":\"search_term_string\"}}],\"inLanguage\":\"de\"},{\"@type\":[\"Organization\",\"Place\",\"GardenStore\"],\"@id\":\"https:\/\/drzewka-kusek.pl\/de\/#organization\",\"name\":\"Gospodarstwo Rolne Pawe\u0142 Kusek\",\"url\":\"https:\/\/drzewka-kusek.pl\/de\/\",\"logo\":{\"@id\":\"https:\/\/drzewka-kusek.pl\/de\/#local-main-organization-logo\"},\"image\":{\"@id\":\"https:\/\/drzewka-kusek.pl\/de\/#local-main-organization-logo\"},\"sameAs\":[\"https:\/\/www.facebook.com\/szkolkakusek\/\"],\"address\":{\"@id\":\"https:\/\/drzewka-kusek.pl\/de\/#local-main-place-address\"},\"telephone\":[\"+48 791 027 207\"],\"contactPoint\":{\"@type\":\"ContactPoint\",\"telephone\":\"+48 791 027 207\",\"email\":\"drzewkakusek@gmail.com\"},\"openingHoursSpecification\":[{\"@type\":\"OpeningHoursSpecification\",\"dayOfWeek\":[\"Monday\",\"Tuesday\",\"Wednesday\",\"Thursday\",\"Friday\",\"Saturday\"],\"opens\":\"07:00\",\"closes\":\"18:00\"},{\"@type\":\"OpeningHoursSpecification\",\"dayOfWeek\":[\"Sunday\"],\"opens\":\"10:00\",\"closes\":\"12:00\"}],\"email\":\"drzewkakusek@gmail.com\"},{\"@type\":\"Question\",\"@id\":\"https:\/\/drzewka-kusek.pl\/de\/#faq-question-1749968287981\",\"position\":1,\"url\":\"https:\/\/drzewka-kusek.pl\/de\/#faq-question-1749968287981\",\"name\":\"Jakie drzewa owocowe najlepiej sadzi\u0107 w ogrodzie?\",\"answerCount\":1,\"acceptedAnswer\":{\"@type\":\"Answer\",\"text\":\"<strong>Das h\u00e4ngt von den Bodenverh\u00e4ltnissen, der Sonneneinstrahlung und dem Klima in Ihrem Garten ab.<\/strong><br\/>Am beliebtesten sind unter unseren Bedingungen <strong>Apfel-, Birnen-, Pflaumen-, Sauerkirsch-, S\u00fc\u00dfkirsch- und Pfirsichb\u00e4ume<\/strong>. In k\u00e4lteren Regionen bew\u00e4hren sich frostresistente Sorten, w\u00e4hrend man sich an sonnigen Standorten an Aprikosen und Nektarinen wagen kann.\",\"inLanguage\":\"de\"},\"inLanguage\":\"de\"},{\"@type\":\"Question\",\"@id\":\"https:\/\/drzewka-kusek.pl\/de\/#faq-question-1749968394335\",\"position\":2,\"url\":\"https:\/\/drzewka-kusek.pl\/de\/#faq-question-1749968394335\",\"name\":\"Kiedy najlepiej sadzi\u0107 drzewa owocowe?\",\"answerCount\":1,\"acceptedAnswer\":{\"@type\":\"Answer\",\"text\":\"<strong>Die beste Zeit, um Obstb\u00e4ume zu pflanzen, ist der fr\u00fche Fr\u00fchling (M\u00e4rz\u2013April) oder der Herbst (Oktober\u2013November)<\/strong>.<br\/>So haben die Pflanzen die M\u00f6glichkeit, sich vor der Vegetations- bzw. Winterperiode gut zu bewurzeln.\",\"inLanguage\":\"de\"},\"inLanguage\":\"de\"},{\"@type\":\"Question\",\"@id\":\"https:\/\/drzewka-kusek.pl\/de\/#faq-question-1749968606348\",\"position\":3,\"url\":\"https:\/\/drzewka-kusek.pl\/de\/#faq-question-1749968606348\",\"name\":\"Jak dba\u0107 o drzewka owocowe po posadzeniu?\",\"answerCount\":1,\"acceptedAnswer\":{\"@type\":\"Answer\",\"text\":\"<strong>Gie\u00dfen Sie regelm\u00e4\u00dfig<\/strong>, insbesondere im ersten Jahr nach der Pflanzung.<br\/><strong>Entfernen Sie Unkraut<\/strong>, das um Wasser und N\u00e4hrstoffe konkurriert.<br\/><strong>D\u00fcngen Sie im Fr\u00fchling und Herbst<\/strong> mit organischen oder mineralischen D\u00fcngemitteln.<br\/><strong>Schneiden Sie die B\u00e4ume<\/strong>, um die richtige Form zu geben und kranke oder schwache Triebe zu entfernen.\",\"inLanguage\":\"de\"},\"inLanguage\":\"de\"},{\"@type\":\"PostalAddress\",\"@id\":\"https:\/\/drzewka-kusek.pl\/de\/#local-main-place-address\",\"streetAddress\":\"D\u0105bie 140\",\"addressLocality\":\"Zdziarzec\",\"postalCode\":\"39-311\",\"addressRegion\":\"podkarpackie\",\"addressCountry\":\"PL\"},{\"@type\":\"ImageObject\",\"inLanguage\":\"de\",\"@id\":\"https:\/\/drzewka-kusek.pl\/de\/#local-main-organization-logo\",\"url\":\"https:\/\/drzewka-kusek.pl\/wp-content\/uploads\/drzewka-kusek-logo2.png\",\"contentUrl\":\"https:\/\/drzewka-kusek.pl\/wp-content\/uploads\/drzewka-kusek-logo2.png\",\"width\":135,\"height\":105,\"caption\":\"Gospodarstwo Rolne Pawe\u0142 Kusek\"}]}<\/script>\n<meta name=\"geo.placename\" content=\"Zdziarzec\" \/>\n<meta name=\"geo.region\" content=\"Polen\" \/>\n<!-- \/ Yoast SEO Premium plugin. -->","yoast_head_json":{"title":"Obstbaumschule - Pawe\u0142 Kusek","description":"Wir bieten Obstbaumsetzlinge mit hoher Widerstandsf\u00e4higkeit, ausgezeichnetem Gesundheitszustand und schneller Fruchtbildung an.","robots":{"index":"index","follow":"follow","max-snippet":"max-snippet:-1","max-image-preview":"max-image-preview:large","max-video-preview":"max-video-preview:-1"},"canonical":"https:\/\/drzewka-kusek.pl\/de\/","og_locale":"de_DE","og_type":"article","og_title":"Strona g\u0142\u00f3wna","og_description":"Wir bieten Obstbaumsetzlinge mit hoher Widerstandsf\u00e4higkeit, ausgezeichnetem Gesundheitszustand und schneller Fruchtbildung an.","og_url":"https:\/\/drzewka-kusek.pl\/de\/","og_site_name":"drzewka-kusek","article_publisher":"https:\/\/www.facebook.com\/szkolkakusek\/","article_modified_time":"2025-12-05T17:12:04+00:00","og_image":[{"width":1000,"height":1000,"url":"https:\/\/drzewka-kusek.pl\/wp-content\/uploads\/szkolka-drzewa-i-krzewy-owocowe.png","type":"image\/png"}],"twitter_card":"summary_large_image","schema":{"@context":"https:\/\/schema.org","@graph":[{"@type":["WebPage","FAQPage"],"@id":"https:\/\/drzewka-kusek.pl\/de\/","url":"https:\/\/drzewka-kusek.pl\/de\/","name":"Obstbaumschule - Pawe\u0142 Kusek","isPartOf":{"@id":"https:\/\/drzewka-kusek.pl\/de\/#website"},"primaryImageOfPage":{"@id":"https:\/\/drzewka-kusek.pl\/de\/#primaryimage"},"image":{"@id":"https:\/\/drzewka-kusek.pl\/de\/#primaryimage"},"thumbnailUrl":"https:\/\/drzewka-kusek.pl\/wp-content\/uploads\/szkolka-drzewa-i-krzewy-owocowe.png","datePublished":"2021-01-09T10:27:02+00:00","dateModified":"2025-12-05T17:12:04+00:00","description":"Wir bieten Obstbaumsetzlinge mit hoher Widerstandsf\u00e4higkeit, ausgezeichnetem Gesundheitszustand und schneller Fruchtbildung an.","breadcrumb":{"@id":"https:\/\/drzewka-kusek.pl\/de\/#breadcrumb"},"mainEntity":[{"@id":"https:\/\/drzewka-kusek.pl\/de\/#faq-question-1749968287981"},{"@id":"https:\/\/drzewka-kusek.pl\/de\/#faq-question-1749968394335"},{"@id":"https:\/\/drzewka-kusek.pl\/de\/#faq-question-1749968606348"}],"inLanguage":"de","potentialAction":[{"@type":"ReadAction","target":["https:\/\/drzewka-kusek.pl\/de\/"]}]},{"@type":"ImageObject","inLanguage":"de","@id":"https:\/\/drzewka-kusek.pl\/de\/#primaryimage","url":"https:\/\/drzewka-kusek.pl\/wp-content\/uploads\/szkolka-drzewa-i-krzewy-owocowe.png","contentUrl":"https:\/\/drzewka-kusek.pl\/wp-content\/uploads\/szkolka-drzewa-i-krzewy-owocowe.png","width":1000,"height":1000,"caption":"szk\u00f3\u0142ka drzew owocowych D\u0105bie, podkarpackie"},{"@type":"BreadcrumbList","@id":"https:\/\/drzewka-kusek.pl\/de\/#breadcrumb","itemListElement":[{"@type":"ListItem","position":1,"name":"Strona g\u0142\u00f3wna","item":"https:\/\/drzewka-kusek.pl\/de\/"},{"@type":"ListItem","position":2,"name":"Strona g\u0142\u00f3wna"}]},{"@type":"WebSite","@id":"https:\/\/drzewka-kusek.pl\/de\/#website","url":"https:\/\/drzewka-kusek.pl\/de\/","name":"Szk\u00f3\u0142ka drzew owocowych","description":"drzewka kusek","publisher":{"@id":"https:\/\/drzewka-kusek.pl\/de\/#organization"},"potentialAction":[{"@type":"SearchAction","target":{"@type":"EntryPoint","urlTemplate":"https:\/\/drzewka-kusek.pl\/de\/?s={search_term_string}"},"query-input":{"@type":"PropertyValueSpecification","valueRequired":true,"valueName":"search_term_string"}}],"inLanguage":"de"},{"@type":["Organization","Place","GardenStore"],"@id":"https:\/\/drzewka-kusek.pl\/de\/#organization","name":"Gospodarstwo Rolne Pawe\u0142 Kusek","url":"https:\/\/drzewka-kusek.pl\/de\/","logo":{"@id":"https:\/\/drzewka-kusek.pl\/de\/#local-main-organization-logo"},"image":{"@id":"https:\/\/drzewka-kusek.pl\/de\/#local-main-organization-logo"},"sameAs":["https:\/\/www.facebook.com\/szkolkakusek\/"],"address":{"@id":"https:\/\/drzewka-kusek.pl\/de\/#local-main-place-address"},"telephone":["+48 791 027 207"],"contactPoint":{"@type":"ContactPoint","telephone":"+48 791 027 207","email":"drzewkakusek@gmail.com"},"openingHoursSpecification":[{"@type":"OpeningHoursSpecification","dayOfWeek":["Monday","Tuesday","Wednesday","Thursday","Friday","Saturday"],"opens":"07:00","closes":"18:00"},{"@type":"OpeningHoursSpecification","dayOfWeek":["Sunday"],"opens":"10:00","closes":"12:00"}],"email":"drzewkakusek@gmail.com"},{"@type":"Question","@id":"https:\/\/drzewka-kusek.pl\/de\/#faq-question-1749968287981","position":1,"url":"https:\/\/drzewka-kusek.pl\/de\/#faq-question-1749968287981","name":"Jakie drzewa owocowe najlepiej sadzi\u0107 w ogrodzie?","answerCount":1,"acceptedAnswer":{"@type":"Answer","text":"<strong>Das h\u00e4ngt von den Bodenverh\u00e4ltnissen, der Sonneneinstrahlung und dem Klima in Ihrem Garten ab.<\/strong><br\/>Am beliebtesten sind unter unseren Bedingungen <strong>Apfel-, Birnen-, Pflaumen-, Sauerkirsch-, S\u00fc\u00dfkirsch- und Pfirsichb\u00e4ume<\/strong>. In k\u00e4lteren Regionen bew\u00e4hren sich frostresistente Sorten, w\u00e4hrend man sich an sonnigen Standorten an Aprikosen und Nektarinen wagen kann.","inLanguage":"de"},"inLanguage":"de"},{"@type":"Question","@id":"https:\/\/drzewka-kusek.pl\/de\/#faq-question-1749968394335","position":2,"url":"https:\/\/drzewka-kusek.pl\/de\/#faq-question-1749968394335","name":"Kiedy najlepiej sadzi\u0107 drzewa owocowe?","answerCount":1,"acceptedAnswer":{"@type":"Answer","text":"<strong>Die beste Zeit, um Obstb\u00e4ume zu pflanzen, ist der fr\u00fche Fr\u00fchling (M\u00e4rz\u2013April) oder der Herbst (Oktober\u2013November)<\/strong>.<br\/>So haben die Pflanzen die M\u00f6glichkeit, sich vor der Vegetations- bzw. Winterperiode gut zu bewurzeln.","inLanguage":"de"},"inLanguage":"de"},{"@type":"Question","@id":"https:\/\/drzewka-kusek.pl\/de\/#faq-question-1749968606348","position":3,"url":"https:\/\/drzewka-kusek.pl\/de\/#faq-question-1749968606348","name":"Jak dba\u0107 o drzewka owocowe po posadzeniu?","answerCount":1,"acceptedAnswer":{"@type":"Answer","text":"<strong>Gie\u00dfen Sie regelm\u00e4\u00dfig<\/strong>, insbesondere im ersten Jahr nach der Pflanzung.<br\/><strong>Entfernen Sie Unkraut<\/strong>, das um Wasser und N\u00e4hrstoffe konkurriert.<br\/><strong>D\u00fcngen Sie im Fr\u00fchling und Herbst<\/strong> mit organischen oder mineralischen D\u00fcngemitteln.<br\/><strong>Schneiden Sie die B\u00e4ume<\/strong>, um die richtige Form zu geben und kranke oder schwache Triebe zu entfernen.","inLanguage":"de"},"inLanguage":"de"},{"@type":"PostalAddress","@id":"https:\/\/drzewka-kusek.pl\/de\/#local-main-place-address","streetAddress":"D\u0105bie 140","addressLocality":"Zdziarzec","postalCode":"39-311","addressRegion":"podkarpackie","addressCountry":"PL"},{"@type":"ImageObject","inLanguage":"de","@id":"https:\/\/drzewka-kusek.pl\/de\/#local-main-organization-logo","url":"https:\/\/drzewka-kusek.pl\/wp-content\/uploads\/drzewka-kusek-logo2.png","contentUrl":"https:\/\/drzewka-kusek.pl\/wp-content\/uploads\/drzewka-kusek-logo2.png","width":135,"height":105,"caption":"Gospodarstwo Rolne Pawe\u0142 Kusek"}]},"geo.placename":"Zdziarzec","geo.region":"Polen"},"_links":{"self":[{"href":"https:\/\/drzewka-kusek.pl\/de\/wp-json\/wp\/v2\/pages\/939","targetHints":{"allow":["GET"]}}],"collection":[{"href":"https:\/\/drzewka-kusek.pl\/de\/wp-json\/wp\/v2\/pages"}],"about":[{"href":"https:\/\/drzewka-kusek.pl\/de\/wp-json\/wp\/v2\/types\/page"}],"author":[{"embeddable":true,"href":"https:\/\/drzewka-kusek.pl\/de\/wp-json\/wp\/v2\/users\/1"}],"replies":[{"embeddable":true,"href":"https:\/\/drzewka-kusek.pl\/de\/wp-json\/wp\/v2\/comments?post=939"}],"version-history":[{"count":4,"href":"https:\/\/drzewka-kusek.pl\/de\/wp-json\/wp\/v2\/pages\/939\/revisions"}],"predecessor-version":[{"id":4180,"href":"https:\/\/drzewka-kusek.pl\/de\/wp-json\/wp\/v2\/pages\/939\/revisions\/4180"}],"wp:featuredmedia":[{"embeddable":true,"href":"https:\/\/drzewka-kusek.pl\/de\/wp-json\/wp\/v2\/media\/1114"}],"wp:attachment":[{"href":"https:\/\/drzewka-kusek.pl\/de\/wp-json\/wp\/v2\/media?parent=939"}],"curies":[{"name":"wp","href":"https:\/\/api.w.org\/{rel}","templated":true}]}}