{"id":963,"date":"2024-11-03T23:21:53","date_gmt":"2024-11-03T22:21:53","guid":{"rendered":"https:\/\/drzewka-kusek.pl\/?page_id=963"},"modified":"2024-11-06T23:21:47","modified_gmt":"2024-11-06T22:21:47","slug":"ueber-uns","status":"publish","type":"page","link":"https:\/\/drzewka-kusek.pl\/de\/ueber-uns\/","title":{"rendered":"\u00dcber uns"},"content":{"rendered":"\n<div class=\"wp-block-group page-section first-section has-global-padding is-layout-constrained wp-block-group-is-layout-constrained\">\n<div class=\"wp-block-columns are-vertically-aligned-center is-layout-flex wp-container-core-columns-is-layout-28f84493 wp-block-columns-is-layout-flex\">\n<div class=\"wp-block-column is-vertically-aligned-center is-layout-flow wp-block-column-is-layout-flow\" style=\"flex-basis:66.66%\">\n<h1 class=\"wp-block-heading\">Obstb\u00e4ume sind unsere langj\u00e4hrige Leidenschaft<\/h1>\n\n\n\n<h2 class=\"wp-block-heading has-x-large-font-size\">Schon seit vielen Jahren entwickeln wir schrittweise unsere Obstbaumschule, in der wir den gr\u00f6\u00dften Nachdruck auf die Qualit\u00e4t und Gesundheit des hergestellten Sortiments legen.<\/h2>\n\n\n\n<div class=\"wp-block-columns is-layout-flex wp-container-core-columns-is-layout-28f84493 wp-block-columns-is-layout-flex\">\n<div class=\"wp-block-column is-layout-flow wp-block-column-is-layout-flow\">\n<p><strong>Gute Gesundheit<\/strong>, durch die sich unsere Obstb\u00e4ume auszeichnen, ist in hohem Masse Folge systematischer Arbeit, aber auch der im Laufe der Jahre stattfindenden Modernisierungsprozesse.<\/p>\n\n\n\n<p>Dank vieler Investitionen in moderne und bew\u00e4hrte Ausr\u00fcstung, die direkt f\u00fcr die Herstellung von Baumschulmaterial bestimmt ist, k\u00f6nnen wir garantieren, dass die von uns hergestellten Obstb\u00e4ume die h\u00f6chsten Standards erf\u00fcllen.<\/p>\n\n\n\n<p><strong>Hohe Best\u00e4ndigkeit<\/strong>, durch die sie sich auszeichnen, ist wiederum auf die Auswahl geeigneter B\u00f6den, Schaffung g\u00fcnstiger Entwicklungsbedingungen und st\u00e4ndige Sorge um ihren Zustand zur\u00fcckzuf\u00fchren.<\/p>\n\n\n\n<p>Dar\u00fcber hinaus verf\u00fcgen alle unsere Obstb\u00e4ume \u00fcber die erforderlichen Unterlagen, die ihren hervorragenden Zustand best\u00e4tigen und auch durch Untersuchungen der Nationalinspektion f\u00fcr Pflanzen- und Saatgutschutz best\u00e4tigt werden.<\/p>\n<\/div>\n<\/div>\n<\/div>\n\n\n\n<div class=\"wp-block-column is-vertically-aligned-center sub-col-right is-layout-flow wp-block-column-is-layout-flow\" style=\"flex-basis:33.33%\">\n<figure class=\"wp-block-image size-full img-bordered squzzed-img\"><img loading=\"lazy\" decoding=\"async\" width=\"723\" height=\"960\" src=\"https:\/\/drzewka-kusek.pl\/wp-content\/uploads\/drzewka-szkolka-16-1.jpg\" alt=\"\" class=\"wp-image-3213\" style=\"aspect-ratio:1;object-fit:contain\" srcset=\"https:\/\/drzewka-kusek.pl\/wp-content\/uploads\/drzewka-szkolka-16-1.jpg 723w, https:\/\/drzewka-kusek.pl\/wp-content\/uploads\/drzewka-szkolka-16-1-362x480.jpg 362w\" sizes=\"auto, (max-width: 723px) 100vw, 723px\" \/><\/figure>\n<\/div>\n<\/div>\n<\/div>\n\n<div class=\"wp-block-group page-section has-global-padding is-layout-constrained wp-block-group-is-layout-constrained\">\n<div class=\"wp-block-columns is-layout-flex wp-container-core-columns-is-layout-28f84493 wp-block-columns-is-layout-flex\">\n<div class=\"wp-block-column sub-col-left is-layout-flow wp-block-column-is-layout-flow\" style=\"flex-basis:33.33%\">\n<figure class=\"wp-block-image size-full img-bordered squzzed-img\"><img loading=\"lazy\" decoding=\"async\" width=\"720\" height=\"960\" src=\"https:\/\/drzewka-kusek.pl\/wp-content\/uploads\/drzewka-szkolka-9.jpg\" alt=\"\" class=\"wp-image-3198\" style=\"aspect-ratio:1;object-fit:contain\" srcset=\"https:\/\/drzewka-kusek.pl\/wp-content\/uploads\/drzewka-szkolka-9.jpg 720w, https:\/\/drzewka-kusek.pl\/wp-content\/uploads\/drzewka-szkolka-9-360x480.jpg 360w\" sizes=\"auto, (max-width: 720px) 100vw, 720px\" \/><\/figure>\n<\/div>\n\n\n\n<div class=\"wp-block-column is-layout-flow wp-block-column-is-layout-flow\" style=\"flex-basis:66.66%\">\n<h2 class=\"wp-block-heading\">Wie werden unsere Obstb\u00e4ume hergestellt?<\/h2>\n\n\n\n<div class=\"wp-block-columns are-vertically-aligned-top is-layout-flex wp-container-core-columns-is-layout-7fc3d43a wp-block-columns-is-layout-flex\">\n<div class=\"wp-block-column is-vertically-aligned-top is-layout-flow wp-block-column-is-layout-flow\">\n<h3 class=\"wp-block-heading\" style=\"line-height:1.6\">Qualifizierte vegetative Unterlagen f\u00fcr hergestellte Obstb\u00e4ume werden von unseren eigenen Baumschulfeldern gewonnen.<\/h3>\n\n\n\n<p>Das ist auch ein Faktor, der die Vitalit\u00e4t unseres Sortiments beeinflusst, denn dank der Art und Qualit\u00e4t der Unterlage kann sich der Baum auf die richtige Weise akklimatisieren. In sp\u00e4teren Jahren zeichnet es sich unter anderem durch schnelle Fruchtbildung aus.<\/p>\n<\/div>\n\n\n\n<div class=\"wp-block-column is-vertically-aligned-top is-layout-flow wp-block-column-is-layout-flow\">\n<h3 class=\"wp-block-heading\" style=\"line-height:1.6\">Dar\u00fcber hinaus haben wir auch einen eigenen Edelreisbestand, aus dem wir Reiser edler Sorten gewinnen.<\/h3>\n\n\n\n<p>Deshalb k\u00f6nnen wir \u2013 sowohl dank unserer eigenen Baumschulfeldern als auch dem Edelreisbestand \u2013 nicht nur den Produktionsprozess von Obstb\u00e4umen, sondern auch deren Qualit\u00e4t und Gesundheit vollst\u00e4ndig kontrollieren.<\/p>\n<\/div>\n<\/div>\n<\/div>\n<\/div>\n<\/div>\n\n<div id=\"page-section\" class=\"wp-block-group page-section last-section has-global-padding is-layout-constrained wp-container-core-group-is-layout-9517baca wp-block-group-is-layout-constrained\">\n<div class=\"wp-block-columns are-vertically-aligned-center is-layout-flex wp-container-core-columns-is-layout-28f84493 wp-block-columns-is-layout-flex\">\n<div class=\"wp-block-column is-vertically-aligned-center is-layout-flow wp-block-column-is-layout-flow\" style=\"flex-basis:100%\">\n<h2 class=\"wp-block-heading has-text-align-center\">Wonach streben wir?<\/h2>\n\n\n\n<p class=\"has-text-align-center\">Dank langj\u00e4hriger Erfahrung in der Baumschulbranche k\u00f6nnen wir unseren Kunden eine breite Palette an Obstbaumsorten sowie eine komplexe und professionellen Bedienung anbieten.<\/p>\n\n\n\n<p class=\"has-text-align-center\">Trotz unserer etablierten Position in der Branche wollen wir unsere Obstbaumschule weiterhin entwickeln, indem wir die neuesten L\u00f6sungen anwenden, um den aktuellen Trends gerecht zu werden.<\/p>\n<\/div>\n<\/div>\n<\/div>\n","protected":false},"excerpt":{"rendered":"<p>Obstb\u00e4ume sind unsere langj\u00e4hrige Leidenschaft Schon seit vielen Jahren entwickeln wir schrittweise unsere Obstbaumschule, in der wir den gr\u00f6\u00dften Nachdruck auf die Qualit\u00e4t und Gesundheit des hergestellten Sortiments legen. Gute Gesundheit, durch die sich unsere Obstb\u00e4ume auszeichnen, ist in hohem Masse Folge systematischer Arbeit, aber auch der im Laufe der Jahre stattfindenden Modernisierungsprozesse. Dank vieler [&hellip;]<\/p>\n","protected":false},"author":1,"featured_media":0,"parent":0,"menu_order":0,"comment_status":"closed","ping_status":"closed","template":"","meta":{"two_page_speed":[],"footnotes":""},"class_list":["post-963","page","type-page","status-publish","hentry"],"yoast_head":"<!-- This site is optimized with the Yoast SEO Premium plugin v22.8 (Yoast SEO v26.9) - https:\/\/yoast.com\/product\/yoast-seo-premium-wordpress\/ -->\n<title>\u00dcber uns - drzewka-kusek<\/title>\n<meta name=\"robots\" content=\"index, follow, max-snippet:-1, max-image-preview:large, max-video-preview:-1\" \/>\n<link rel=\"canonical\" href=\"https:\/\/drzewka-kusek.pl\/de\/ueber-uns\/\" \/>\n<meta property=\"og:locale\" content=\"de_DE\" \/>\n<meta property=\"og:type\" content=\"article\" \/>\n<meta property=\"og:title\" content=\"\u00dcber uns\" \/>\n<meta property=\"og:description\" content=\"Obstb\u00e4ume sind unsere langj\u00e4hrige Leidenschaft Schon seit vielen Jahren entwickeln wir schrittweise unsere Obstbaumschule, in der wir den gr\u00f6\u00dften Nachdruck auf die Qualit\u00e4t und Gesundheit des hergestellten Sortiments legen. Gute Gesundheit, durch die sich unsere Obstb\u00e4ume auszeichnen, ist in hohem Masse Folge systematischer Arbeit, aber auch der im Laufe der Jahre stattfindenden Modernisierungsprozesse. Dank vieler [&hellip;]\" \/>\n<meta property=\"og:url\" content=\"https:\/\/drzewka-kusek.pl\/de\/ueber-uns\/\" \/>\n<meta property=\"og:site_name\" content=\"drzewka-kusek\" \/>\n<meta property=\"article:publisher\" content=\"https:\/\/www.facebook.com\/szkolkakusek\/\" \/>\n<meta property=\"article:modified_time\" content=\"2024-11-06T22:21:47+00:00\" \/>\n<meta property=\"og:image\" content=\"https:\/\/drzewka-kusek.pl\/wp-content\/uploads\/drzewka-szkolka-16-1.jpg\" \/>\n<meta name=\"twitter:card\" content=\"summary_large_image\" \/>\n<script type=\"application\/ld+json\" class=\"yoast-schema-graph\">{\"@context\":\"https:\/\/schema.org\",\"@graph\":[{\"@type\":\"WebPage\",\"@id\":\"https:\/\/drzewka-kusek.pl\/de\/ueber-uns\/\",\"url\":\"https:\/\/drzewka-kusek.pl\/de\/ueber-uns\/\",\"name\":\"\u00dcber uns - drzewka-kusek\",\"isPartOf\":{\"@id\":\"https:\/\/drzewka-kusek.pl\/de\/#website\"},\"primaryImageOfPage\":{\"@id\":\"https:\/\/drzewka-kusek.pl\/de\/ueber-uns\/#primaryimage\"},\"image\":{\"@id\":\"https:\/\/drzewka-kusek.pl\/de\/ueber-uns\/#primaryimage\"},\"thumbnailUrl\":\"https:\/\/drzewka-kusek.pl\/wp-content\/uploads\/drzewka-szkolka-16-1.jpg\",\"datePublished\":\"2024-11-03T22:21:53+00:00\",\"dateModified\":\"2024-11-06T22:21:47+00:00\",\"breadcrumb\":{\"@id\":\"https:\/\/drzewka-kusek.pl\/de\/ueber-uns\/#breadcrumb\"},\"inLanguage\":\"de\",\"potentialAction\":[{\"@type\":\"ReadAction\",\"target\":[\"https:\/\/drzewka-kusek.pl\/de\/ueber-uns\/\"]}]},{\"@type\":\"ImageObject\",\"inLanguage\":\"de\",\"@id\":\"https:\/\/drzewka-kusek.pl\/de\/ueber-uns\/#primaryimage\",\"url\":\"https:\/\/drzewka-kusek.pl\/wp-content\/uploads\/drzewka-szkolka-16-1.jpg\",\"contentUrl\":\"https:\/\/drzewka-kusek.pl\/wp-content\/uploads\/drzewka-szkolka-16-1.jpg\"},{\"@type\":\"BreadcrumbList\",\"@id\":\"https:\/\/drzewka-kusek.pl\/de\/ueber-uns\/#breadcrumb\",\"itemListElement\":[{\"@type\":\"ListItem\",\"position\":1,\"name\":\"Strona g\u0142\u00f3wna\",\"item\":\"https:\/\/drzewka-kusek.pl\/de\/\"},{\"@type\":\"ListItem\",\"position\":2,\"name\":\"\u00dcber uns\"}]},{\"@type\":\"WebSite\",\"@id\":\"https:\/\/drzewka-kusek.pl\/de\/#website\",\"url\":\"https:\/\/drzewka-kusek.pl\/de\/\",\"name\":\"Szk\u00f3\u0142ka drzew owocowych\",\"description\":\"drzewka kusek\",\"publisher\":{\"@id\":\"https:\/\/drzewka-kusek.pl\/de\/#organization\"},\"potentialAction\":[{\"@type\":\"SearchAction\",\"target\":{\"@type\":\"EntryPoint\",\"urlTemplate\":\"https:\/\/drzewka-kusek.pl\/de\/?s={search_term_string}\"},\"query-input\":{\"@type\":\"PropertyValueSpecification\",\"valueRequired\":true,\"valueName\":\"search_term_string\"}}],\"inLanguage\":\"de\"},{\"@type\":[\"Organization\",\"Place\",\"GardenStore\"],\"@id\":\"https:\/\/drzewka-kusek.pl\/de\/#organization\",\"name\":\"Gospodarstwo Rolne Pawe\u0142 Kusek\",\"url\":\"https:\/\/drzewka-kusek.pl\/de\/\",\"logo\":{\"@id\":\"https:\/\/drzewka-kusek.pl\/de\/ueber-uns\/#local-main-organization-logo\"},\"image\":{\"@id\":\"https:\/\/drzewka-kusek.pl\/de\/ueber-uns\/#local-main-organization-logo\"},\"sameAs\":[\"https:\/\/www.facebook.com\/szkolkakusek\/\"],\"address\":{\"@id\":\"https:\/\/drzewka-kusek.pl\/de\/ueber-uns\/#local-main-place-address\"},\"telephone\":[\"+48 791 027 207\"],\"contactPoint\":{\"@type\":\"ContactPoint\",\"telephone\":\"+48 791 027 207\",\"email\":\"drzewkakusek@gmail.com\"},\"openingHoursSpecification\":[{\"@type\":\"OpeningHoursSpecification\",\"dayOfWeek\":[\"Monday\",\"Tuesday\",\"Wednesday\",\"Thursday\",\"Friday\",\"Saturday\"],\"opens\":\"07:00\",\"closes\":\"18:00\"},{\"@type\":\"OpeningHoursSpecification\",\"dayOfWeek\":[\"Sunday\"],\"opens\":\"10:00\",\"closes\":\"12:00\"}],\"email\":\"drzewkakusek@gmail.com\"},{\"@type\":\"PostalAddress\",\"@id\":\"https:\/\/drzewka-kusek.pl\/de\/ueber-uns\/#local-main-place-address\",\"streetAddress\":\"D\u0105bie 140\",\"addressLocality\":\"Zdziarzec\",\"postalCode\":\"39-311\",\"addressRegion\":\"podkarpackie\",\"addressCountry\":\"PL\"},{\"@type\":\"ImageObject\",\"inLanguage\":\"de\",\"@id\":\"https:\/\/drzewka-kusek.pl\/de\/ueber-uns\/#local-main-organization-logo\",\"url\":\"https:\/\/drzewka-kusek.pl\/wp-content\/uploads\/drzewka-kusek-logo2.png\",\"contentUrl\":\"https:\/\/drzewka-kusek.pl\/wp-content\/uploads\/drzewka-kusek-logo2.png\",\"width\":135,\"height\":105,\"caption\":\"Gospodarstwo Rolne Pawe\u0142 Kusek\"}]}<\/script>\n<meta name=\"geo.placename\" content=\"Zdziarzec\" \/>\n<meta name=\"geo.region\" content=\"Polen\" \/>\n<!-- \/ Yoast SEO Premium plugin. -->","yoast_head_json":{"title":"\u00dcber uns - drzewka-kusek","robots":{"index":"index","follow":"follow","max-snippet":"max-snippet:-1","max-image-preview":"max-image-preview:large","max-video-preview":"max-video-preview:-1"},"canonical":"https:\/\/drzewka-kusek.pl\/de\/ueber-uns\/","og_locale":"de_DE","og_type":"article","og_title":"\u00dcber uns","og_description":"Obstb\u00e4ume sind unsere langj\u00e4hrige Leidenschaft Schon seit vielen Jahren entwickeln wir schrittweise unsere Obstbaumschule, in der wir den gr\u00f6\u00dften Nachdruck auf die Qualit\u00e4t und Gesundheit des hergestellten Sortiments legen. Gute Gesundheit, durch die sich unsere Obstb\u00e4ume auszeichnen, ist in hohem Masse Folge systematischer Arbeit, aber auch der im Laufe der Jahre stattfindenden Modernisierungsprozesse. Dank vieler [&hellip;]","og_url":"https:\/\/drzewka-kusek.pl\/de\/ueber-uns\/","og_site_name":"drzewka-kusek","article_publisher":"https:\/\/www.facebook.com\/szkolkakusek\/","article_modified_time":"2024-11-06T22:21:47+00:00","og_image":[{"url":"https:\/\/drzewka-kusek.pl\/wp-content\/uploads\/drzewka-szkolka-16-1.jpg","type":"","width":"","height":""}],"twitter_card":"summary_large_image","schema":{"@context":"https:\/\/schema.org","@graph":[{"@type":"WebPage","@id":"https:\/\/drzewka-kusek.pl\/de\/ueber-uns\/","url":"https:\/\/drzewka-kusek.pl\/de\/ueber-uns\/","name":"\u00dcber uns - drzewka-kusek","isPartOf":{"@id":"https:\/\/drzewka-kusek.pl\/de\/#website"},"primaryImageOfPage":{"@id":"https:\/\/drzewka-kusek.pl\/de\/ueber-uns\/#primaryimage"},"image":{"@id":"https:\/\/drzewka-kusek.pl\/de\/ueber-uns\/#primaryimage"},"thumbnailUrl":"https:\/\/drzewka-kusek.pl\/wp-content\/uploads\/drzewka-szkolka-16-1.jpg","datePublished":"2024-11-03T22:21:53+00:00","dateModified":"2024-11-06T22:21:47+00:00","breadcrumb":{"@id":"https:\/\/drzewka-kusek.pl\/de\/ueber-uns\/#breadcrumb"},"inLanguage":"de","potentialAction":[{"@type":"ReadAction","target":["https:\/\/drzewka-kusek.pl\/de\/ueber-uns\/"]}]},{"@type":"ImageObject","inLanguage":"de","@id":"https:\/\/drzewka-kusek.pl\/de\/ueber-uns\/#primaryimage","url":"https:\/\/drzewka-kusek.pl\/wp-content\/uploads\/drzewka-szkolka-16-1.jpg","contentUrl":"https:\/\/drzewka-kusek.pl\/wp-content\/uploads\/drzewka-szkolka-16-1.jpg"},{"@type":"BreadcrumbList","@id":"https:\/\/drzewka-kusek.pl\/de\/ueber-uns\/#breadcrumb","itemListElement":[{"@type":"ListItem","position":1,"name":"Strona g\u0142\u00f3wna","item":"https:\/\/drzewka-kusek.pl\/de\/"},{"@type":"ListItem","position":2,"name":"\u00dcber uns"}]},{"@type":"WebSite","@id":"https:\/\/drzewka-kusek.pl\/de\/#website","url":"https:\/\/drzewka-kusek.pl\/de\/","name":"Szk\u00f3\u0142ka drzew owocowych","description":"drzewka kusek","publisher":{"@id":"https:\/\/drzewka-kusek.pl\/de\/#organization"},"potentialAction":[{"@type":"SearchAction","target":{"@type":"EntryPoint","urlTemplate":"https:\/\/drzewka-kusek.pl\/de\/?s={search_term_string}"},"query-input":{"@type":"PropertyValueSpecification","valueRequired":true,"valueName":"search_term_string"}}],"inLanguage":"de"},{"@type":["Organization","Place","GardenStore"],"@id":"https:\/\/drzewka-kusek.pl\/de\/#organization","name":"Gospodarstwo Rolne Pawe\u0142 Kusek","url":"https:\/\/drzewka-kusek.pl\/de\/","logo":{"@id":"https:\/\/drzewka-kusek.pl\/de\/ueber-uns\/#local-main-organization-logo"},"image":{"@id":"https:\/\/drzewka-kusek.pl\/de\/ueber-uns\/#local-main-organization-logo"},"sameAs":["https:\/\/www.facebook.com\/szkolkakusek\/"],"address":{"@id":"https:\/\/drzewka-kusek.pl\/de\/ueber-uns\/#local-main-place-address"},"telephone":["+48 791 027 207"],"contactPoint":{"@type":"ContactPoint","telephone":"+48 791 027 207","email":"drzewkakusek@gmail.com"},"openingHoursSpecification":[{"@type":"OpeningHoursSpecification","dayOfWeek":["Monday","Tuesday","Wednesday","Thursday","Friday","Saturday"],"opens":"07:00","closes":"18:00"},{"@type":"OpeningHoursSpecification","dayOfWeek":["Sunday"],"opens":"10:00","closes":"12:00"}],"email":"drzewkakusek@gmail.com"},{"@type":"PostalAddress","@id":"https:\/\/drzewka-kusek.pl\/de\/ueber-uns\/#local-main-place-address","streetAddress":"D\u0105bie 140","addressLocality":"Zdziarzec","postalCode":"39-311","addressRegion":"podkarpackie","addressCountry":"PL"},{"@type":"ImageObject","inLanguage":"de","@id":"https:\/\/drzewka-kusek.pl\/de\/ueber-uns\/#local-main-organization-logo","url":"https:\/\/drzewka-kusek.pl\/wp-content\/uploads\/drzewka-kusek-logo2.png","contentUrl":"https:\/\/drzewka-kusek.pl\/wp-content\/uploads\/drzewka-kusek-logo2.png","width":135,"height":105,"caption":"Gospodarstwo Rolne Pawe\u0142 Kusek"}]},"geo.placename":"Zdziarzec","geo.region":"Polen"},"_links":{"self":[{"href":"https:\/\/drzewka-kusek.pl\/de\/wp-json\/wp\/v2\/pages\/963","targetHints":{"allow":["GET"]}}],"collection":[{"href":"https:\/\/drzewka-kusek.pl\/de\/wp-json\/wp\/v2\/pages"}],"about":[{"href":"https:\/\/drzewka-kusek.pl\/de\/wp-json\/wp\/v2\/types\/page"}],"author":[{"embeddable":true,"href":"https:\/\/drzewka-kusek.pl\/de\/wp-json\/wp\/v2\/users\/1"}],"replies":[{"embeddable":true,"href":"https:\/\/drzewka-kusek.pl\/de\/wp-json\/wp\/v2\/comments?post=963"}],"version-history":[{"count":0,"href":"https:\/\/drzewka-kusek.pl\/de\/wp-json\/wp\/v2\/pages\/963\/revisions"}],"wp:attachment":[{"href":"https:\/\/drzewka-kusek.pl\/de\/wp-json\/wp\/v2\/media?parent=963"}],"curies":[{"name":"wp","href":"https:\/\/api.w.org\/{rel}","templated":true}]}}